{"id":1723,"date":"2020-06-05T19:59:46","date_gmt":"2020-06-05T19:59:46","guid":{"rendered":"\/agile\/?post_type=ht_kb&#038;p=1723"},"modified":"2025-09-10T20:57:29","modified_gmt":"2025-09-10T20:57:29","slug":"11-9-enrichissements-du-produit","status":"publish","type":"ht_kb","link":"\/agile\/fr\/knowledge-base\/11-9-enrichissements-du-produit\/","title":{"rendered":"11.9- Enrichissements du produit"},"content":{"rendered":"<table>\n<tbody>\n<tr>\n<td><\/td>\n<\/tr>\n<tr>\n<td>\n<h2>Enrichissements de planification pour commerce de d\u00e9tail<\/h2>\n<h3>\u00a0Page de couverture d\u2019horaire<\/h3>\n<h3><em>Con\u00e7u pour afficher clairement quels employ\u00e9s travaillent et \u00e0 quelle heure<\/em><\/h3>\n<ul>\n<li>\n<h3>Affiche la couverture d\u2019employ\u00e9 par service principal ou par service planifi\u00e9 (ex. magasins)<\/h3>\n<\/li>\n<li>\n<h3>Disponible dans le menu principal comme couverture d\u2019horaire. Aussi accessible par<\/h3>\n<h3>Horaires d\u2019employ\u00e9 \uf0e0 Couverture<\/h3>\n<\/li>\n<li>\n<h3>Affiche une t\u00e2che sommaire pour chaque service (magasin) afin d\u2019indiquer les heures planifi\u00e9es et<\/h3>\n<h3>le d\u00e9compte d\u2019employ\u00e9s pour d\u00e9terminer la couverture<\/h3>\n<\/li>\n<li>\n<h3>Supporte le glisser-d\u00e9poser <em>(drag and drop)<\/em> pour raffiner les horaires<\/h3>\n<\/li>\n<li>\n<h3>Double-cliquer sur la barre de l\u2019horaire pour modifier la vue des quarts de travail qui sont familiers.<\/h3>\n<h3>Cliquer sur l\u2019ic\u00f4ne + pour ajouter un nouvel horaire<\/h3>\n<\/li>\n<li>\n<h3>Supporte Journ\u00e9e (ventilation par heure) et Semaine (ventilation par jour)<\/h3>\n<\/li>\n<li>\n<h3>Cod\u00e9 en couleur par service pour regrouper les donn\u00e9es visuellement<\/h3>\n<\/li>\n<li>\n<h3>Peut \u00eatre export\u00e9 en PDF<\/h3>\n<\/li>\n<li>\n<h3>Cette caract\u00e9ristique est vendue s\u00e9par\u00e9ment<\/h3>\n<\/li>\n<\/ul>\n<h3><\/h3>\n<h3><strong><img loading=\"lazy\" decoding=\"async\" width=\"974\" height=\"305\" class=\"wp-image-1726\" src=\"\/agile\/wp-content\/uploads\/sites\/2\/2020\/06\/cidimage002-png01d4df44-ebb98080.png\" alt=\"cid:image002.png@01D4DF44.EBB98080\" srcset=\"\/agile\/wp-content\/uploads\/sites\/2\/2020\/06\/cidimage002-png01d4df44-ebb98080.png 974w, \/agile\/wp-content\/uploads\/sites\/2\/2020\/06\/cidimage002-png01d4df44-ebb98080-300x94.png 300w, \/agile\/wp-content\/uploads\/sites\/2\/2020\/06\/cidimage002-png01d4df44-ebb98080-768x240.png 768w, \/agile\/wp-content\/uploads\/sites\/2\/2020\/06\/cidimage002-png01d4df44-ebb98080-50x16.png 50w, \/agile\/wp-content\/uploads\/sites\/2\/2020\/06\/cidimage002-png01d4df44-ebb98080-60x19.png 60w, \/agile\/wp-content\/uploads\/sites\/2\/2020\/06\/cidimage002-png01d4df44-ebb98080-100x31.png 100w\" sizes=\"auto, (max-width: 974px) 100vw, 974px\" \/><\/strong><\/h3>\n<h3><strong>\u00a0 <\/strong><\/h3>\n<h3><img loading=\"lazy\" decoding=\"async\" width=\"971\" height=\"567\" class=\"wp-image-1728\" src=\"\/agile\/wp-content\/uploads\/sites\/2\/2020\/06\/cidimage003-png01d4df44-ebb98080.png\" alt=\"cid:image003.png@01D4DF44.EBB98080\" srcset=\"\/agile\/wp-content\/uploads\/sites\/2\/2020\/06\/cidimage003-png01d4df44-ebb98080.png 971w, \/agile\/wp-content\/uploads\/sites\/2\/2020\/06\/cidimage003-png01d4df44-ebb98080-300x175.png 300w, \/agile\/wp-content\/uploads\/sites\/2\/2020\/06\/cidimage003-png01d4df44-ebb98080-768x448.png 768w, \/agile\/wp-content\/uploads\/sites\/2\/2020\/06\/cidimage003-png01d4df44-ebb98080-50x29.png 50w, \/agile\/wp-content\/uploads\/sites\/2\/2020\/06\/cidimage003-png01d4df44-ebb98080-60x35.png 60w, \/agile\/wp-content\/uploads\/sites\/2\/2020\/06\/cidimage003-png01d4df44-ebb98080-100x58.png 100w\" sizes=\"auto, (max-width: 971px) 100vw, 971px\" \/><\/h3>\n<h3>\u00a0Budget de l\u2019horaire<\/h3>\n<h3><em>Cette caract\u00e9ristique est con\u00e7ue pour saisir un budget d\u2019heures qui agit comme ligne directrice pour la cr\u00e9ation de l\u2019horaire <\/em><\/h3>\n<ul>\n<li>Habilet\u00e9 du g\u00e9rant de magasin (superviseur) \u00e0 d\u00e9finir le budget hebdomadaire du service en heures et \u00e0 l\u2019utiliser pour planifier l\u2019horaire des employ\u00e9s<\/li>\n<li>Calcule la variance avec le budget\u00a0(en heures)\u00a0: planifi\u00e9 + actuel &#8211; budget<\/li>\n<li>Affiche les totaux de pr\u00eats entrants et sortants pour les heures contribuant au budget ou celles qui en sont exclues<\/li>\n<li>Nouvel \u00e9cran budget (Admin \uf0e0 D\u00e9finition de budget). Peut aussi \u00eatre acc\u00e9d\u00e9 en cliquant sur tout lien de service dans la vue de budget<\/li>\n<li>Cette caract\u00e9ristique requiert une licence qui est incluse dans le module de Planification de commerce de d\u00e9tail<\/li>\n<\/ul>\n<h2><img loading=\"lazy\" decoding=\"async\" width=\"986\" height=\"331\" class=\"wp-image-1732\" src=\"\/agile\/wp-content\/uploads\/sites\/2\/2020\/06\/cidimage004-png01d4df44-ebb98080.png\" alt=\"cid:image004.png@01D4DF44.EBB98080\" srcset=\"\/agile\/wp-content\/uploads\/sites\/2\/2020\/06\/cidimage004-png01d4df44-ebb98080.png 986w, \/agile\/wp-content\/uploads\/sites\/2\/2020\/06\/cidimage004-png01d4df44-ebb98080-300x101.png 300w, \/agile\/wp-content\/uploads\/sites\/2\/2020\/06\/cidimage004-png01d4df44-ebb98080-768x258.png 768w, \/agile\/wp-content\/uploads\/sites\/2\/2020\/06\/cidimage004-png01d4df44-ebb98080-50x17.png 50w, \/agile\/wp-content\/uploads\/sites\/2\/2020\/06\/cidimage004-png01d4df44-ebb98080-60x20.png 60w, \/agile\/wp-content\/uploads\/sites\/2\/2020\/06\/cidimage004-png01d4df44-ebb98080-100x34.png 100w\" sizes=\"auto, (max-width: 986px) 100vw, 986px\" \/><\/h2>\n<h2><em>Nouveau relev\u00e9 pour afficher le budget vs. actuel vs. planifi\u00e9!<\/em><\/h2>\n<h2><img loading=\"lazy\" decoding=\"async\" width=\"676\" height=\"279\" class=\"wp-image-1734\" src=\"\/agile\/wp-content\/uploads\/sites\/2\/2020\/06\/cidimage005-jpg01d4df22-b316e050.jpeg\" alt=\"cid:image005.jpg@01D4DF22.B316E050\" srcset=\"\/agile\/wp-content\/uploads\/sites\/2\/2020\/06\/cidimage005-jpg01d4df22-b316e050.jpeg 676w, \/agile\/wp-content\/uploads\/sites\/2\/2020\/06\/cidimage005-jpg01d4df22-b316e050-300x124.jpeg 300w, \/agile\/wp-content\/uploads\/sites\/2\/2020\/06\/cidimage005-jpg01d4df22-b316e050-50x21.jpeg 50w, \/agile\/wp-content\/uploads\/sites\/2\/2020\/06\/cidimage005-jpg01d4df22-b316e050-60x25.jpeg 60w, \/agile\/wp-content\/uploads\/sites\/2\/2020\/06\/cidimage005-jpg01d4df22-b316e050-100x41.jpeg 100w\" sizes=\"auto, (max-width: 676px) 100vw, 676px\" \/><\/h2>\n<h2>\u00a0Planifier l\u2019anciennet\u00e9<\/h2>\n<h3><em>Affichez la colonne d\u2019anciennet\u00e9 lorsque vous planifiez l\u2019horaire des employ\u00e9s! <\/em><\/h3>\n<ul>\n<li>Nouvelle colonne dans la grille d\u2019horaires d\u2019employ\u00e9<\/li>\n<li>Valeur par d\u00e9faut bas\u00e9e sur les dates d\u2019embauche d\u2019employ\u00e9 (pour le tri)<\/li>\n<li>Habilet\u00e9 de trier la grille d\u2019horaires d\u2019employ\u00e9 par anciennet\u00e9 pour vous permettre de planifier d\u2019abord les employ\u00e9s ayant le plus d\u2019anciennet\u00e9<\/li>\n<li>Mise \u00e0 jour automatique pour les nouveaux employ\u00e9s<\/li>\n<li>Peut \u00eatre personnalis\u00e9 pour supporter le tri selon diff\u00e9rents indicateurs d\u00e9finis par le client<\/li>\n<\/ul>\n<p><strong><img loading=\"lazy\" decoding=\"async\" width=\"1011\" height=\"323\" class=\"wp-image-1738\" src=\"\/agile\/wp-content\/uploads\/sites\/2\/2020\/06\/cidimage006-jpg01d4df22-b316e050.jpeg\" alt=\"cid:image006.jpg@01D4DF22.B316E050\" srcset=\"\/agile\/wp-content\/uploads\/sites\/2\/2020\/06\/cidimage006-jpg01d4df22-b316e050.jpeg 1011w, \/agile\/wp-content\/uploads\/sites\/2\/2020\/06\/cidimage006-jpg01d4df22-b316e050-300x96.jpeg 300w, \/agile\/wp-content\/uploads\/sites\/2\/2020\/06\/cidimage006-jpg01d4df22-b316e050-768x245.jpeg 768w, \/agile\/wp-content\/uploads\/sites\/2\/2020\/06\/cidimage006-jpg01d4df22-b316e050-50x16.jpeg 50w, \/agile\/wp-content\/uploads\/sites\/2\/2020\/06\/cidimage006-jpg01d4df22-b316e050-60x19.jpeg 60w, \/agile\/wp-content\/uploads\/sites\/2\/2020\/06\/cidimage006-jpg01d4df22-b316e050-100x32.jpeg 100w\" sizes=\"auto, (max-width: 1011px) 100vw, 1011px\" \/><\/strong><\/td>\n<\/tr>\n<tr>\n<td><\/td>\n<\/tr>\n<tr>\n<td>\n<h2>\u00a0 ESS \u2013 Horaires d\u2019employ\u00e9 \u2013 Afficher les horaires des services<\/h2>\n<p>Permet aux usagers ESS d\u2019afficher les horaires de leurs pairs dans Horaires d\u2019employ\u00e9<\/p>\n<p>Supporte 3 options\u00a0: afficher son service, afficher les services germains, afficher tous les services<\/p>\n<p>Installation via Portail Express<\/p>\n<h2><img loading=\"lazy\" decoding=\"async\" width=\"850\" height=\"382\" class=\"wp-image-1742\" src=\"\/agile\/wp-content\/uploads\/sites\/2\/2020\/06\/cidimage023-png01d4df44-ebb98080.png\" alt=\"cid:image023.png@01D4DF44.EBB98080\" srcset=\"\/agile\/wp-content\/uploads\/sites\/2\/2020\/06\/cidimage023-png01d4df44-ebb98080.png 850w, \/agile\/wp-content\/uploads\/sites\/2\/2020\/06\/cidimage023-png01d4df44-ebb98080-300x135.png 300w, \/agile\/wp-content\/uploads\/sites\/2\/2020\/06\/cidimage023-png01d4df44-ebb98080-768x345.png 768w, \/agile\/wp-content\/uploads\/sites\/2\/2020\/06\/cidimage023-png01d4df44-ebb98080-50x22.png 50w, \/agile\/wp-content\/uploads\/sites\/2\/2020\/06\/cidimage023-png01d4df44-ebb98080-60x27.png 60w, \/agile\/wp-content\/uploads\/sites\/2\/2020\/06\/cidimage023-png01d4df44-ebb98080-100x45.png 100w\" sizes=\"auto, (max-width: 850px) 100vw, 850px\" \/><\/h2>\n<\/td>\n<\/tr>\n<tr>\n<td>\n<h2><img loading=\"lazy\" decoding=\"async\" width=\"49\" height=\"22\" class=\"wp-image-1744\" src=\"\/agile\/wp-content\/uploads\/sites\/2\/2020\/06\/cidimage006-png01d1a23b-acf061a0-4.jpeg\" alt=\"cid:image006.png@01D1A23B.ACF061A0\" \/>\u00a0 Quebec Loi 176 \u2013 Cong\u00e9 familial<\/h2>\n<p><em>Nouvelle loi au Qu\u00e9bec exigeant 2 jours de cong\u00e9 par ann\u00e9e <\/em><\/p>\n<p>Exigences principales:<\/p>\n<ol>\n<li>Les employ\u00e9s peuvent seulement prendre 2 jours de cong\u00e9 familial pay\u00e9 par ann\u00e9e<\/li>\n<li>Le calcul pour la paie de cong\u00e9 familial doit \u00eatre bas\u00e9 sur les r\u00e8gles de cong\u00e9 f\u00e9ri\u00e9<\/li>\n<li>Pay\u00e9 seulement apr\u00e8s avoir \u00e9t\u00e9 un employ\u00e9 pendant 90 jours<\/li>\n<\/ol>\n<ul>\n<li>Nouveau plan d\u2019heures accumul\u00e9es \u2018Cong\u00e9 familial\u2019 par d\u00e9faut tel qu\u2019indiqu\u00e9 plus haut<\/li>\n<li>Activ\u00e9 par d\u00e9faut pour les clients du portail qu\u00e9b\u00e9cois<\/li>\n<li>Configurable via le portail Express<\/li>\n<li>Ajouter aux plans existants d\u2019heures accumul\u00e9es tel que requis<\/li>\n<\/ul>\n<p><img loading=\"lazy\" decoding=\"async\" width=\"915\" height=\"448\" class=\"wp-image-1746\" src=\"\/agile\/wp-content\/uploads\/sites\/2\/2020\/06\/cidimage011-jpg01d4df22-b316e050.jpeg\" alt=\"cid:image011.jpg@01D4DF22.B316E050\" srcset=\"\/agile\/wp-content\/uploads\/sites\/2\/2020\/06\/cidimage011-jpg01d4df22-b316e050.jpeg 915w, \/agile\/wp-content\/uploads\/sites\/2\/2020\/06\/cidimage011-jpg01d4df22-b316e050-300x147.jpeg 300w, \/agile\/wp-content\/uploads\/sites\/2\/2020\/06\/cidimage011-jpg01d4df22-b316e050-768x376.jpeg 768w, \/agile\/wp-content\/uploads\/sites\/2\/2020\/06\/cidimage011-jpg01d4df22-b316e050-50x24.jpeg 50w, \/agile\/wp-content\/uploads\/sites\/2\/2020\/06\/cidimage011-jpg01d4df22-b316e050-60x29.jpeg 60w, \/agile\/wp-content\/uploads\/sites\/2\/2020\/06\/cidimage011-jpg01d4df22-b316e050-100x49.jpeg 100w\" sizes=\"auto, (max-width: 915px) 100vw, 915px\" \/><\/td>\n<\/tr>\n<tr>\n<td>\n<h2>\u00a0 Tableau de bord \u2013 S\u00e9lectionnez vos 5 relev\u00e9s<\/h2>\n<ul>\n<li>S\u00e9lectionner n\u2019importe quel relev\u00e9 pour un acc\u00e8s direct \u00e0 partir du tableau de bord<\/li>\n<li>Supporte les s\u00e9lections de filtrage afin d\u2019aider \u00e0 trouver le bon relev\u00e9<\/li>\n<\/ul>\n<p><strong><img loading=\"lazy\" decoding=\"async\" width=\"513\" height=\"150\" class=\"wp-image-1750\" src=\"\/agile\/wp-content\/uploads\/sites\/2\/2020\/06\/cidimage024-png01d4df44-ebb98080.png\" alt=\"cid:image024.png@01D4DF44.EBB98080\" srcset=\"\/agile\/wp-content\/uploads\/sites\/2\/2020\/06\/cidimage024-png01d4df44-ebb98080.png 513w, \/agile\/wp-content\/uploads\/sites\/2\/2020\/06\/cidimage024-png01d4df44-ebb98080-300x88.png 300w, \/agile\/wp-content\/uploads\/sites\/2\/2020\/06\/cidimage024-png01d4df44-ebb98080-50x15.png 50w, \/agile\/wp-content\/uploads\/sites\/2\/2020\/06\/cidimage024-png01d4df44-ebb98080-60x18.png 60w, \/agile\/wp-content\/uploads\/sites\/2\/2020\/06\/cidimage024-png01d4df44-ebb98080-100x29.png 100w\" sizes=\"auto, (max-width: 513px) 100vw, 513px\" \/><img loading=\"lazy\" decoding=\"async\" width=\"488\" height=\"280\" class=\"wp-image-1752\" src=\"\/agile\/wp-content\/uploads\/sites\/2\/2020\/06\/cidimage025-png01d4df44-ebb98080.png\" alt=\"cid:image025.png@01D4DF44.EBB98080\" srcset=\"\/agile\/wp-content\/uploads\/sites\/2\/2020\/06\/cidimage025-png01d4df44-ebb98080.png 488w, \/agile\/wp-content\/uploads\/sites\/2\/2020\/06\/cidimage025-png01d4df44-ebb98080-300x172.png 300w, \/agile\/wp-content\/uploads\/sites\/2\/2020\/06\/cidimage025-png01d4df44-ebb98080-50x29.png 50w, \/agile\/wp-content\/uploads\/sites\/2\/2020\/06\/cidimage025-png01d4df44-ebb98080-60x34.png 60w, \/agile\/wp-content\/uploads\/sites\/2\/2020\/06\/cidimage025-png01d4df44-ebb98080-100x57.png 100w\" sizes=\"auto, (max-width: 488px) 100vw, 488px\" \/><\/strong><\/td>\n<\/tr>\n<tr>\n<td>\n<h2>\u00a0 Autres enrichissements de l\u2019horaire d\u2019employ\u00e9<\/h2>\n<ul>\n<li><strong>Horaires d\u2019employ\u00e9 \u2013 R\u00e9ductions de texte de barre d\u2019outils<\/strong><\/li>\n<li>Copie de masse et copie d\u2019horaire ont \u00e9t\u00e9 convertis en un menu<\/li>\n<li>Nouvelles ic\u00f4nes pour boutons de liste d\u00e9roulante, de publication d\u2019horaire, de budget et de couverture d\u2019horaire<\/li>\n<\/ul>\n<p><img loading=\"lazy\" decoding=\"async\" width=\"961\" height=\"32\" class=\"wp-image-1756\" src=\"\/agile\/wp-content\/uploads\/sites\/2\/2020\/06\/cidimage026-png01d4df44-ebb98080.png\" alt=\"cid:image026.png@01D4DF44.EBB98080\" srcset=\"\/agile\/wp-content\/uploads\/sites\/2\/2020\/06\/cidimage026-png01d4df44-ebb98080.png 961w, \/agile\/wp-content\/uploads\/sites\/2\/2020\/06\/cidimage026-png01d4df44-ebb98080-300x10.png 300w, \/agile\/wp-content\/uploads\/sites\/2\/2020\/06\/cidimage026-png01d4df44-ebb98080-768x26.png 768w, \/agile\/wp-content\/uploads\/sites\/2\/2020\/06\/cidimage026-png01d4df44-ebb98080-50x2.png 50w, \/agile\/wp-content\/uploads\/sites\/2\/2020\/06\/cidimage026-png01d4df44-ebb98080-60x2.png 60w, \/agile\/wp-content\/uploads\/sites\/2\/2020\/06\/cidimage026-png01d4df44-ebb98080-100x3.png 100w\" sizes=\"auto, (max-width: 961px) 100vw, 961px\" \/><\/p>\n<ul>\n<li><strong>Horaires d\u2019employ\u00e9 \u2013 Nouvelle ic\u00f4ne dans la grille lorsqu\u2019un quart de travail a une attribution de t\u00e2che ou de service<\/strong><\/li>\n<\/ul>\n<p><img loading=\"lazy\" decoding=\"async\" width=\"624\" height=\"359\" class=\"wp-image-1758\" src=\"\/agile\/wp-content\/uploads\/sites\/2\/2020\/06\/cidimage027-png01d4df44-ebb98080.png\" alt=\"cid:image027.png@01D4DF44.EBB98080\" srcset=\"\/agile\/wp-content\/uploads\/sites\/2\/2020\/06\/cidimage027-png01d4df44-ebb98080.png 624w, \/agile\/wp-content\/uploads\/sites\/2\/2020\/06\/cidimage027-png01d4df44-ebb98080-300x173.png 300w, \/agile\/wp-content\/uploads\/sites\/2\/2020\/06\/cidimage027-png01d4df44-ebb98080-50x29.png 50w, \/agile\/wp-content\/uploads\/sites\/2\/2020\/06\/cidimage027-png01d4df44-ebb98080-60x35.png 60w, \/agile\/wp-content\/uploads\/sites\/2\/2020\/06\/cidimage027-png01d4df44-ebb98080-100x58.png 100w\" sizes=\"auto, (max-width: 624px) 100vw, 624px\" \/><\/p>\n<ul>\n<li><strong>Horaires d\u2019employ\u00e9 \u2013 Publication \u2013 Nouveau message de confirmation am\u00e9lior\u00e9<\/strong><\/li>\n<li>Avant d\u2019exp\u00e9dier des notifications de changement d\u2019horaire, un message d\u2019alerte est pr\u00e9sent\u00e9 \u00e0 l\u2019usager pour aviser que cette action exp\u00e9diera des courriels ou des textos \u00e0 tous les employ\u00e9s impliqu\u00e9s<\/li>\n<\/ul>\n<\/td>\n<\/tr>\n<tr>\n<td>\n<h2>\u00a0 Enrichissements pour la modification de p\u00e9riode de paie<\/h2>\n<ul>\n<li><strong>Nouvelle logique am\u00e9lior\u00e9e pour la d\u00e9tection et l\u2019auto-correction des enregistrements de statut de p\u00e9riode si la nouvelle p\u00e9riode de paie attribu\u00e9e a les m\u00eames dates de d\u00e9but et de fin de p\u00e9riode<\/strong>\n<ul>\n<li>Appliquer la logique durant le calcul nocturne du statut de p\u00e9riode<\/li>\n<\/ul>\n<\/li>\n<\/ul>\n<\/td>\n<\/tr>\n<tr>\n<td>\n<h2><\/h2>\n<\/td>\n<\/tr>\n<tr>\n<td>\n<h1>Demandes de modification<\/h1>\n<table>\n<tbody>\n<tr>\n<td><\/td>\n<\/tr>\n<tr>\n<td>Mobile MSS \u2013 Feuilles de temps \u2013 Supporter les p\u00e9riodes de paie multiples<\/td>\n<\/tr>\n<tr>\n<td>Mobile MSS \u2013 Approbation des feuilles de temps \u2013 Afficher seulement le bouton \u2018<strong>Approuver<\/strong>\u2019 lorsque l\u2019usager a la permission \u2018<strong>Caract\u00e9ristique d\u2019approbation de feuille de temps\u2019<\/strong><\/td>\n<\/tr>\n<tr>\n<td>Mobile MSS &#8211; \u2013 Approbation des feuilles de temps \u2013 Rendre l\u2019acte d\u2019approbation plus intuitif<\/td>\n<\/tr>\n<tr>\n<td>Mobile ESS \u2013 Habilet\u00e9 d\u2019afficher les notes d\u2019horaire dans les horaires ESS Mobile<\/td>\n<\/tr>\n<tr>\n<td>Exportations de donn\u00e9es format\u00e9es &#8211; Inclure le champ du montant en dollars dans le \u2018<strong>Relev\u00e9 de carte de temps<\/strong>\u2019 et le \u2018<strong>Sommaire de p\u00e9riode de paie d\u2019employ\u00e9<\/strong>\u2019<\/td>\n<\/tr>\n<tr>\n<td>Relev\u00e9s \u2013 Am\u00e9liorer le relev\u00e9 de poin\u00e7ons manqu\u00e9s afin d\u2019inclure le filtre de type de poin\u00e7on<\/td>\n<\/tr>\n<tr>\n<td>Mobile ESS \u2013 Page des vacances \u2013 Afficher les absences en attente<\/td>\n<\/tr>\n<tr>\n<td>Courriels d\u2019avis d\u2019alerte \u2013 Inclure le service principal de l\u2019employ\u00e9 dans les alertes par courriel<\/td>\n<\/tr>\n<tr>\n<td>Ajout rapide \u2013 Habilet\u00e9 de r\u00e9gler le code de paie<\/td>\n<\/tr>\n<tr>\n<td>Statut de carte de temps d\u2019employ\u00e9 \u2013 Habilet\u00e9 de cacher les champs de t\u00e2che<\/td>\n<\/tr>\n<tr>\n<td>Aper\u00e7u de synchro d\u2019employ\u00e9 \u2013 Ajouter une colonne dans la grille d\u2019aper\u00e7u pour indiquer si c\u2019est un service existant ou nouveau<\/td>\n<\/tr>\n<tr>\n<td>Activer \u2018Afficher l\u2019horaire durant les pauses\u2019 <em>(\u00ab\u00a0ShowSchDurNetBreaks\u00a0\u00bb) <\/em>par d\u00e9faut pour TOUS les nouveaux clients (pas juste portail)<\/td>\n<\/tr>\n<tr>\n<td>Alertes SMS (textos) \u2013 Inclure un pr\u00e9fixe (par d\u00e9faut de Synerion) dans les alertes pour qu\u2019elles paraissent plus authentiques<\/td>\n<\/tr>\n<tr>\n<td>R\u00e9viser et mettre \u00e0 jour la documentation des exigences du syst\u00e8me<\/td>\n<\/tr>\n<\/tbody>\n<\/table>\n<h1>R\u00e9parations de bogues <em>(\u2018bugs\u2019)<\/em><\/h1>\n<table>\n<tbody>\n<tr>\n<td>P\u00e9riode de paie- Certaines correspondances de quart de travail ont \u00e9t\u00e9 trouv\u00e9es sans \u00eatre reli\u00e9es aux enregistrements de statut de p\u00e9riode<\/td>\n<\/tr>\n<tr>\n<td>Notifications \u2013 Invitation de calendrier- Les heures sont d\u00e9cal\u00e9es pour les absences partielles<\/td>\n<\/tr>\n<tr>\n<td>\u00c9chec de demande d\u2019absence sur validation de soldes futurs d\u2019heures accumul\u00e9es<\/td>\n<\/tr>\n<tr>\n<td>Relev\u00e9s- Sommaire des heures accumul\u00e9es \u2013 Donn\u00e9es Excel manquantes<\/td>\n<\/tr>\n<tr>\n<td>S\u00e9lecteur d\u2019employ\u00e9 \u2013le nombre d\u2019employ\u00e9s qui peuvent \u00eatre s\u00e9lectionn\u00e9s est limit\u00e9 \u00e0 1,000<\/td>\n<\/tr>\n<tr>\n<td>Statut de carte de temps \u2013 Erreur lors du chargement d\u2019employ\u00e9s quand il existe des poin\u00e7ons non correspondants dans le mode de cl\u00e9 unique <em>(\u2018SingleKey\u2019)<\/em><\/td>\n<\/tr>\n<tr>\n<td>Relev\u00e9- Sommaire de p\u00e9riode de paie \u2013 Probl\u00e8mes d\u2019impression<\/td>\n<\/tr>\n<tr>\n<td>Notification d\u2019employ\u00e9 manquant \u2013 Lorsque l\u2019usager effectue des modifications \u00e0 l\u2019horaire qui a d\u00e9j\u00e0 exp\u00e9di\u00e9 une notification d\u2019employ\u00e9 manquant, il y a r\u00e9p\u00e9tition de l\u2019exp\u00e9dition de la notification<\/td>\n<\/tr>\n<tr>\n<td>Horaires d\u2019employ\u00e9 \u2013 Clic droit sur les colonnes de service, d\u2019employ\u00e9 ou d\u2019anciennet\u00e9 g\u00e9n\u00e8re une erreur<\/td>\n<\/tr>\n<\/tbody>\n<\/table>\n<\/td>\n<\/tr>\n<\/tbody>\n<\/table>\n","protected":false},"excerpt":{"rendered":"<p>Enrichissements de planification pour commerce de d\u00e9tail \u00a0Page de couverture d\u2019horaire Con\u00e7u pour afficher clairement quels employ\u00e9s travaillent et \u00e0 quelle heure Affiche la couverture d\u2019employ\u00e9 par service principal ou par service planifi\u00e9 (ex. magasins) Disponible dans le menu principal comme couverture d\u2019horaire. Aussi accessible par Horaires d\u2019employ\u00e9 \uf0e0 Couverture&#8230;<\/p>\n","protected":false},"author":3,"comment_status":"open","ping_status":"closed","template":"","format":"standard","meta":{"_lmt_disableupdate":"","_lmt_disable":"","footnotes":""},"ht-kb-category":[285],"ht-kb-tag":[],"class_list":["post-1723","ht_kb","type-ht_kb","status-publish","format-standard","hentry","ht_kb_category-versions-precedentes-notes-de-mise-a-jour"],"_links":{"self":[{"href":"https:\/\/help.synerion.com\/agile\/fr\/wp-json\/wp\/v2\/ht-kb\/1723","targetHints":{"allow":["GET"]}}],"collection":[{"href":"https:\/\/help.synerion.com\/agile\/fr\/wp-json\/wp\/v2\/ht-kb"}],"about":[{"href":"https:\/\/help.synerion.com\/agile\/fr\/wp-json\/wp\/v2\/types\/ht_kb"}],"author":[{"embeddable":true,"href":"https:\/\/help.synerion.com\/agile\/fr\/wp-json\/wp\/v2\/users\/3"}],"replies":[{"embeddable":true,"href":"https:\/\/help.synerion.com\/agile\/fr\/wp-json\/wp\/v2\/comments?post=1723"}],"version-history":[{"count":2,"href":"https:\/\/help.synerion.com\/agile\/fr\/wp-json\/wp\/v2\/ht-kb\/1723\/revisions"}],"predecessor-version":[{"id":1765,"href":"https:\/\/help.synerion.com\/agile\/fr\/wp-json\/wp\/v2\/ht-kb\/1723\/revisions\/1765"}],"wp:attachment":[{"href":"https:\/\/help.synerion.com\/agile\/fr\/wp-json\/wp\/v2\/media?parent=1723"}],"wp:term":[{"taxonomy":"ht_kb_category","embeddable":true,"href":"https:\/\/help.synerion.com\/agile\/fr\/wp-json\/wp\/v2\/ht-kb-category?post=1723"},{"taxonomy":"ht_kb_tag","embeddable":true,"href":"https:\/\/help.synerion.com\/agile\/fr\/wp-json\/wp\/v2\/ht-kb-tag?post=1723"}],"curies":[{"name":"wp","href":"https:\/\/api.w.org\/{rel}","templated":true}]}}