{"id":3697,"date":"2024-10-16T17:27:25","date_gmt":"2024-10-16T17:27:25","guid":{"rendered":"\/agile\/?post_type=ht_kb&#038;p=3697"},"modified":"2024-10-16T17:27:52","modified_gmt":"2024-10-16T17:27:52","slug":"mss-disponibilite-dhoraire","status":"publish","type":"ht_kb","link":"\/agile\/fr\/knowledge-base\/mss-disponibilite-dhoraire\/","title":{"rendered":"MSS- Disponibilit\u00e9 d&rsquo;horaire"},"content":{"rendered":"\n<h2 class=\"wp-block-heading\">Aper\u00e7u des fonctionnalit\u00e9s<\/h2>\n\n\n\n<p>\u00c9tablir la disponibilit\u00e9 de l&rsquo;horaire permet aux utilisateurs MSS de sp\u00e9cifier les pr\u00e9f\u00e9rences de disponibilit\u00e9 des employ\u00e9s ESS pour<\/p>\n\n\n\n<ul class=\"wp-block-list\">\n<li>Une journ\u00e9e Individuelle<\/li>\n\n\n\n<li>Un cycle hebdomadaire r\u00e9current<\/li>\n\n\n\n<li>Un cycle futur<\/li>\n<\/ul>\n\n\n\n<p>Cela permet \u00e0 l&rsquo;utilisateur MSS d&rsquo;assigner les horaires en fonction de la disponibilit\u00e9 de l&#8217;employ\u00e9.<\/p>\n\n\n\n<p><strong><em>NOTE<\/em><\/strong><em>: <\/em><em>La disponibilit\u00e9 de l&rsquo;horaire est uniquement pour les informations de disponibilit\u00e9 de l&#8217;employ\u00e9 et n&#8217;emp\u00eachera pas un utilisateur d&rsquo;assigner un horaire \u00e0 un employ\u00e9.<\/em><\/p>\n\n\n\n<p><strong>Autorisation requise<\/strong>: FeaturesScheduling Availability&nbsp;<\/p>\n\n\n\n<h2 class=\"wp-block-heading\">Sp\u00e9cifier la disponibilit\u00e9<\/h2>\n\n\n\n<p>L&rsquo;utilisateur MSS peut sp\u00e9cifier la disponibilit\u00e9 d&rsquo;un employ\u00e9 ESS via la page Horaires de travail. Pour sp\u00e9cifier la disponibilit\u00e9 :<\/p>\n\n\n\n<ol class=\"wp-block-list\">\n<li>Cliquez sur \u00ab\u00a0Horaires de travail\u00a0\u00bb.<\/li>\n\n\n\n<li>S\u00e9lectionnez un employ\u00e9 dans le s\u00e9lecteur d&#8217;employ\u00e9s<\/li>\n\n\n\n<li>Allez \u00e0 une date \u00e0 laquelle l&rsquo;utilisateur MSS veut sp\u00e9cifier la disponibilit\u00e9&nbsp;<\/li>\n\n\n\n<li>Cliquez dans la cellule pour afficher l&rsquo;ic\u00f4ne des 3 points<\/li>\n\n\n\n<li>Cliquer sur les 3 points (&#8230;) apparaissant dans la cellule<\/li>\n\n\n\n<li>Cliquez sur \u00ab\u00a0Sp\u00e9cifier la disponibilit\u00e9\u00a0\u00bb.<\/li>\n\n\n\n<li>Un menu lat\u00e9ral s&rsquo;ouvre dans lequel l&rsquo;utilisateur peut sp\u00e9cifier les pr\u00e9f\u00e9rences de disponibilit\u00e9 d&rsquo;un employ\u00e9. Le menu lat\u00e9ral affichera 2 onglets &#8211; Journ\u00e9e Individuelle, Cycle r\u00e9current.<\/li>\n<\/ol>\n\n\n\n<p><strong><em>NOTE<\/em><\/strong><em>: :<\/em><em> Pour ajouter des pr\u00e9f\u00e9rences pour un cycle futur, naviguez jusqu&rsquo;\u00e0 l&rsquo;onglet \u00ab\u00a0Cycle r\u00e9current\u00a0\u00bb et cliquez sur le bouton \u00ab\u00a0Ajouter un cycle\u00a0\u00bb. Cela vous permettra de d\u00e9finir vos pr\u00e9f\u00e9rences pour le cycle \u00e0 venir.<\/em><\/p>\n\n\n\n<figure class=\"wp-block-image\"><img decoding=\"async\" src=\"https:\/\/lh7-rt.googleusercontent.com\/docsz\/AD_4nXeK2Bp0ZB-b1ATHC04xOm6XfPhlSNhD-uHAF-umRxCPYdLsAZ9RQO8Z32kZR86Uoo7MdEDZHlcumE9aF6AhCKK89JMrksZyoEkgSt9mpd70mBt4eqww6PTmjQKyA357AjwmOyn2r09vRaUbWygP1FMC1OE?key=ct1J8mtG3a64_MTzBC4SpA\" alt=\"\" \/><\/figure>\n\n\n\n<p>Pr\u00e9f\u00e9rence pour une journ\u00e9e individuelle<\/p>\n\n\n\n<p><strong>Autorisation requise<\/strong>:&nbsp; WorkTimeOverrides-Edit<\/p>\n\n\n\n<p><br>Si l&rsquo;autorisation d&rsquo;\u00e9dition est manquante, l&rsquo;utilisateur ne pourra pas ajouter\/modifier un seul jour et celui-ci appara\u00eetra en mode lecture seule.<\/p>\n\n\n\n<p>Sous l&rsquo;onglet \u00a0\u00bb Journ\u00e9e individuelle \u00ab\u00a0, l&rsquo;utilisateur MSS peut ajouter les pr\u00e9f\u00e9rences de disponibilit\u00e9 pour la date s\u00e9lectionn\u00e9e :&nbsp;<\/p>\n\n\n\n<ul class=\"wp-block-list\">\n<li>Plage de temps \/ toute la journ\u00e9e : Le commutateur de plage de temps est d\u00e9sactiv\u00e9 par d\u00e9faut. Si il est activ\u00e9, l&rsquo;utilisateur peut sp\u00e9cifier la disponibilit\u00e9 dans une plage de temps.<\/li>\n\n\n\n<li>Disponible\/Indisponible : Par d\u00e9faut, cette option est configur\u00e9e comme \u00e9tant indisponible. L&rsquo;utilisateur peut changer cette option.<\/li>\n<\/ul>\n\n\n\n<p>Cela permet \u00e0 l&rsquo;utilisateur de copier la m\u00eame disponibilit\u00e9 pour d&rsquo;autres dates (s&rsquo;il le souhaite) en cochant la case \u00ab\u00a0Copier la disponibilit\u00e9 \u00e0 d&rsquo;autres dates\u00a0\u00bb et en sp\u00e9cifiant autant de jours que l&rsquo;utilisateur MSS le souhaite.<\/p>\n\n\n\n<figure class=\"wp-block-image\"><img decoding=\"async\" src=\"https:\/\/lh7-rt.googleusercontent.com\/docsz\/AD_4nXfxaIZoa0hqN5FNPd9cAoPSFIzxC_2etFNmTX2BWLIUxK4ohtoh9wJPagjv3CA8JHNdQJbEsHgP9uUk8BKUV9pPBWyH4oLdIAM6sXA9KYrnR9bIi98FeCxSKtBAGgS0RuCGGbG3mQRqKCpSU4I4Dvl3wWI?key=ct1J8mtG3a64_MTzBC4SpA\" alt=\"\" \/><\/figure>\n\n\n\n<p><strong>Messages de la banni\u00e8re d&rsquo;information<\/strong><\/p>\n\n\n\n<p>Sous une journ\u00e9e individuelle,<\/p>\n\n\n\n<ul class=\"wp-block-list\">\n<li>Si l&rsquo;utilisateur indique une pr\u00e9f\u00e9rence pour une date n&rsquo;ayant pas de pr\u00e9f\u00e9rence existante, aucune banni\u00e8re d&rsquo;information ne sera affich\u00e9e.<\/li>\n\n\n\n<li>Si l&rsquo;utilisateur sp\u00e9cifie une pr\u00e9f\u00e9rence pour une date ayant une pr\u00e9f\u00e9rence existante (toute la journ\u00e9e disponible\/indisponible, plage horaire disponible\/indisponible), un bandeau d&rsquo;information \u00ab\u00a0La disponibilit\u00e9 pour cette date est d\u00e9finie dans le cadre d&rsquo;un cycle r\u00e9current\u00a0\u00bb s&rsquo;affichera.<\/li>\n\n\n\n<li>Lorsque l&rsquo;utilisateur enregistre un remplacement pour les jours de pr\u00e9f\u00e9rence, il voit appara\u00eetre un bandeau d&rsquo;information \u00ab\u00a0La disponibilit\u00e9 est remplac\u00e9e pour cette date\u00a0\u00bb.<\/li>\n<\/ul>\n\n\n\n<p>Capture d&rsquo;\u00e9cran de r\u00e9f\u00e9rence :<\/p>\n\n\n\n<figure class=\"wp-block-image\"><img decoding=\"async\" src=\"https:\/\/lh7-rt.googleusercontent.com\/docsz\/AD_4nXdng2h0Fff263o1CJtivG8eYIiE8kfE8gbxlGybIQcr6xRBtnNKf5Rv75Tih2tnjLtsPXsBaEkmHTpT-XscN8lzeUDp97jpyqA4yJpOp-UQCiHWBYr0jsAQ-6I5ohhc-u4-Va67CkBU66ODm2pNccIkzA?key=ct1J8mtG3a64_MTzBC4SpA\" alt=\"\" \/><\/figure>\n\n\n\n<p><strong><em>NOTE<\/em><\/strong><em>:<\/em><\/p>\n\n\n\n<ul class=\"wp-block-list\">\n<li><em>L&rsquo;utilisateur MSS ne peut pas ajouter une pr\u00e9f\u00e9rence pour les dates pass\u00e9es. L&rsquo;option \u00ab\u00a0Sp\u00e9cifier la disponibilit\u00e9\u00a0\u00bb du menu contextuel sera d\u00e9sactiv\u00e9e pour les dates pass\u00e9es.<\/em><\/li>\n\n\n\n<li><em>Si l&rsquo;utilisateur ne sp\u00e9cifie qu&rsquo;une seule pr\u00e9f\u00e9rence, il ne peut pas la supprimer. Cependant, l&rsquo;utilisateur peut apporter des modifications \u00e0 une pr\u00e9f\u00e9rence existante.<\/em><\/li>\n<\/ul>\n\n\n\n<h2 class=\"wp-block-heading\">Cycle r\u00e9current<\/h2>\n\n\n\n<p><strong>Autorisation requise:<\/strong>&nbsp;WorkTimePreferences-Edit<\/p>\n\n\n\n<p><br>Si l&rsquo;autorisation WorkTimePreferences-Edit est manquante, l&rsquo;utilisateur MSS ne pourra pas ajouter, modifier ou supprimer les pr\u00e9f\u00e9rences du cycle r\u00e9current. L&rsquo;utilisateur ne peut pas modifier le cycle actuel mais peut cr\u00e9er un nouveau cycle futur.<\/p>\n\n\n\n<p>Si l&rsquo;utilisateur n&rsquo;a pas sp\u00e9cifi\u00e9 de pr\u00e9f\u00e9rence sous cycle r\u00e9current, les pr\u00e9f\u00e9rences seront affich\u00e9es comme non sp\u00e9cifi\u00e9es.<\/p>\n\n\n\n<h3 class=\"wp-block-heading\">Ajouter les pr\u00e9f\u00e9rences<\/h3>\n\n\n\n<ul class=\"wp-block-list\">\n<li>Cliquez sur \u00ab\u00a0Horaires de travail\u00a0\u00bb dans le menu principal.<\/li>\n\n\n\n<li>S\u00e9lectionnez un employ\u00e9 dans le s\u00e9lecteur d&#8217;employ\u00e9s et allez jusqu&rsquo;\u00e0 la date \u00e0 laquelle l&rsquo;utilisateur souhaite ajouter la pr\u00e9f\u00e9rence.&nbsp;<\/li>\n\n\n\n<li>Cliquer sur \u00ab\u00a0Sp\u00e9cifier la disponibilit\u00e9\u00a0\u00bb dans le menu contextuel<\/li>\n\n\n\n<li>Cliquez sur l&rsquo;onglet \u00ab\u00a0Cycle r\u00e9current\u201d<\/li>\n\n\n\n<li>Trois champs s&rsquo;affichent : Type d&rsquo;horaire hebdomadaire, premier jour du cycle et date de d\u00e9but. Ces trois champs sont en lecture seule.<\/li>\n\n\n\n<li>L&rsquo;utilisateur peut ajouter des pr\u00e9f\u00e9rences en cliquant sur l&rsquo;ic\u00f4ne de modification (ic\u00f4ne de stylo &#8211; elle appara\u00eet lorsque l&rsquo;utilisateur survole les jours).<\/li>\n\n\n\n<li>L&rsquo;utilisateur ajoute les pr\u00e9f\u00e9rences de disponibilit\u00e9 et clique sur \u00ab\u00a0Enregistrer\u00a0\u00bb pour les ajouter au cycle r\u00e9current.<\/li>\n<\/ul>\n\n\n\n<figure class=\"wp-block-image\"><img decoding=\"async\" src=\"https:\/\/lh7-rt.googleusercontent.com\/docsz\/AD_4nXdz7nrpBYe3qDyH_Ds6NUT5ikl9cK3co5rw_5M9G-uLDqIXgru4i7PZYEnIPBLZY8Iij1j7o73_chdKAD9YIqgnjnHjNf6ctgVbr21mKoPHPmQpj5QqJkF2mTJNXw_MtIRkX24M_hGlvxLul5we4pxHqnI?key=ct1J8mtG3a64_MTzBC4SpA\" alt=\"\" \/><\/figure>\n\n\n\n<p><strong><em>NOTE<\/em><\/strong><em>:<\/em><\/p>\n\n\n\n<ul class=\"wp-block-list\">\n<li><em>L&rsquo;utilisateur peut ajouter plusieurs pr\u00e9f\u00e9rences pour une journ\u00e9e individuelle.<\/em><\/li>\n\n\n\n<li><em>Lorsque l&rsquo;utilisateur clique sur l&rsquo;ic\u00f4ne d&rsquo;\u00e9dition (stylo) pour ajouter la pr\u00e9f\u00e9rence, celle-ci s&rsquo;affiche par d\u00e9faut : toute la journ\u00e9e et indisponible.<\/em><\/li>\n\n\n\n<li><em>Les pr\u00e9f\u00e9rences pour la nuit sont report\u00e9es au jour suivant en fonction de l&rsquo;heure&nbsp;<\/em><\/li>\n<\/ul>\n\n\n\n<p><em>(23:00-7:00 &gt;&gt; 23:00- 23:59 seront ajout\u00e9es au jour 1 et 0:00 &#8211; 7:00 seront sauvegard\u00e9es pour le jour suivant).<\/em><\/p>\n\n\n\n<ul class=\"wp-block-list\">\n<li><em>L&rsquo;utilisateur ne peut pas ajouter des pr\u00e9f\u00e9rences de cr\u00e9neaux horaires en double.<\/em><\/li>\n<\/ul>\n\n\n\n<h3 class=\"wp-block-heading\">Supprimer une pr\u00e9f\u00e9rence<\/h3>\n\n\n\n<ul class=\"wp-block-list\">\n<li>Cliquez sur \u00ab\u00a0Horaires de travail\u00a0\u00bb dans le menu principal.<\/li>\n\n\n\n<li>S\u00e9lectionnez un employ\u00e9 dans le s\u00e9lecteur d&#8217;employ\u00e9s et allez jusqu&rsquo;\u00e0 la date \u00e0 laquelle l&rsquo;utilisateur souhaite ajouter la pr\u00e9f\u00e9rence.&nbsp;<\/li>\n\n\n\n<li>Cliquer sur \u00ab\u00a0Sp\u00e9cifier la disponibilit\u00e9\u00a0\u00bb dans le menu contextuel<\/li>\n\n\n\n<li>Cliquez sur l&rsquo;onglet \u00ab\u00a0Cycle r\u00e9current\u201d<\/li>\n\n\n\n<li>Survolez le jour o\u00f9 l&rsquo;utilisateur souhaite supprimer la pr\u00e9f\u00e9rence et cliquez sur l&rsquo;ic\u00f4ne de suppression apparaissant \u00e0 c\u00f4t\u00e9 de l&rsquo;ic\u00f4ne de modification.<\/li>\n\n\n\n<li>La bo\u00eete de dialogue de confirmation s&rsquo;ouvre, l&rsquo;utilisateur clique sur \u00ab\u00a0Supprimer\u00a0\u00bb.<\/li>\n\n\n\n<li>L&rsquo;utilisateur verra un message de r\u00e9ussite lorsque la pr\u00e9f\u00e9rence aura \u00e9t\u00e9 supprim\u00e9e avec succ\u00e8s.<\/li>\n<\/ul>\n\n\n\n<figure class=\"wp-block-image\"><img decoding=\"async\" src=\"https:\/\/lh7-rt.googleusercontent.com\/docsz\/AD_4nXexsa8EoISge8N0A4FNU17NBRlxPplDKj3HNmSOe8RmmZ43nZc2_2ha5M5fer_pXLTOSvdw0A_MZ8XGGStaSlMW_sJSbqpw2OnsDZdRsNSOEiJxLOnXqzdzWLzA0kbXbsUrt3rbTH1YyngO8kN7ML8VsWU?key=ct1J8mtG3a64_MTzBC4SpA\" alt=\"\" \/><\/figure>\n\n\n\n<figure class=\"wp-block-image\"><img decoding=\"async\" src=\"https:\/\/lh7-rt.googleusercontent.com\/docsz\/AD_4nXfKpqPsFn-Ukfqx8mvWyZQGGiKv6EWw7UvuA5E-6qrStld7ouLj168CBPkjk8XN8GFUarpmsjNOlfEOgKY1KKE0IJkSjpwlOcV7EYetcvx4iHLZhnq5X9X1pT5vkgYXKgsZlA1EQsJUhHNUBxhXmDah5A?key=ct1J8mtG3a64_MTzBC4SpA\" alt=\"\" \/><\/figure>\n\n\n\n<h2 class=\"wp-block-heading\">Cycles futurs<\/h2>\n\n\n\n<p>L&rsquo;utilisateur MSS peut d\u00e9finir des cycles r\u00e9currents futurs s&rsquo;il sait que la disponibilit\u00e9 d&rsquo;un utilisateur ESS sp\u00e9cifique changera \u00e0 l&rsquo;avenir.<\/p>\n\n\n\n<p><strong>Autorisation requise : <\/strong>WorkTimePreferences-Edit<\/p>\n\n\n\n<p><br>Lorsque WorkTimePreferences-Edit est manquant, l&rsquo;utilisateur ne pourra pas ajouter, modifier ou supprimer le cycle futur et les pr\u00e9f\u00e9rences qu&rsquo;il contient. Il sera en mode lecture seule.<\/p>\n\n\n\n<h3 class=\"wp-block-heading\">Ajouter un cycle futur<\/h3>\n\n\n\n<ul class=\"wp-block-list\">\n<li>L&rsquo;utilisateur doit cliquer sur le bouton \u00ab\u00a0+ Ajouter un cycle\u00a0\u00bb qui appara\u00eet dans l&rsquo;onglet de cycle r\u00e9current.<\/li>\n\n\n\n<li>Cela ouvrira l&rsquo;onglet des cycles futurs.<\/li>\n<\/ul>\n\n\n\n<figure class=\"wp-block-image\"><img decoding=\"async\" src=\"https:\/\/lh7-rt.googleusercontent.com\/docsz\/AD_4nXccAvVDwNTC9Yus-l3THfEEb_dg8Y_Dy8znfqD_RIr49H0iaJFvYss2hkNIBv8-T2l9UcnWEbIPCpm0akyF_NYFiQ8gqeSk27NaDbeOymwmgvig2bqGplEG31lqcmK21hUHinOfzXzo840REWykryZI_g?key=ct1J8mtG3a64_MTzBC4SpA\" alt=\"\" \/><\/figure>\n\n\n\n<ul class=\"wp-block-list\">\n<li>Premi\u00e8rement, l&rsquo;utilisateur doit sp\u00e9cifier le premier jour du cycle et la date de d\u00e9but. Le champ \u00ab\u00a0Type\u00a0\u00bb est d\u00e9fini par d\u00e9faut sur Hebdomadaire et n&rsquo;est pas modifiable.<\/li>\n<\/ul>\n\n\n\n<figure class=\"wp-block-image\"><img decoding=\"async\" src=\"https:\/\/lh7-rt.googleusercontent.com\/docsz\/AD_4nXdJlZGXWLxRMEeJ6P9aKhSEYFfvKe93z1hZ6h6ld7OTBXOCsM39u2RH1nv0sTek1pvw-uIDLjh9BKSu5ijP4XOqiz1hiTprZwd95i_3pJOOb-joocMvIifRkgHJenDa4IFXTCP0DhfTZdioBe4eqaB12w?key=ct1J8mtG3a64_MTzBC4SpA\" alt=\"\" \/><\/figure>\n\n\n\n<ul class=\"wp-block-list\">\n<li>En cliquant sur \u00ab\u00a0Enregistrer\u00a0\u00bb, un cycle futur sera ajout\u00e9 avec les pr\u00e9f\u00e9rences non sp\u00e9cifi\u00e9es et le message de r\u00e9ussite s&rsquo;affichera. Comme pour les cycles r\u00e9currents, l&rsquo;utilisateur peut ajouter des pr\u00e9f\u00e9rences une fois que le cycle futur est cr\u00e9\u00e9.<\/li>\n<\/ul>\n\n\n\n<figure class=\"wp-block-image\"><img decoding=\"async\" src=\"https:\/\/lh7-rt.googleusercontent.com\/docsz\/AD_4nXc8Y6ourTYxDmVsViNdOSLUUJ62xoYjIVpNhnbZLWsj8qtRtbE6hFtOipfFghuc5_YFxB73MDOuk71vu6xZCI4cNUCX0Zfy3Bhi9QcmLylAGPucD4U8HzpKRT7Wug64-MC8rKDipsMHL94Fp8EQ9TxZTzI?key=ct1J8mtG3a64_MTzBC4SpA\" alt=\"\" \/><\/figure>\n\n\n\n<p><strong><em>NOTE<\/em><\/strong><em>:<\/em><\/p>\n\n\n\n<ul class=\"wp-block-list\">\n<li><em>Contrairement aux cycles r\u00e9currents, l&rsquo;utilisateur peut modifier la date de d\u00e9but du cycle futur et le premier jour du cycle.<\/em><\/li>\n\n\n\n<li><em>L&rsquo;utilisateur peut ajouter plusieurs cycles futurs.<\/em><\/li>\n\n\n\n<li><em>L&rsquo;utilisateur ne peut pas cr\u00e9er plusieurs cycles futurs avec la m\u00eame date de d\u00e9but.<\/em><\/li>\n\n\n\n<li><em>L&rsquo;utilisateur ne peut pas ajouter des pr\u00e9f\u00e9rences de cr\u00e9neaux horaires en double ou qui se superposent.<\/em><\/li>\n\n\n\n<li><em>Comme pour les cycles r\u00e9currents, l&rsquo;utilisateur peut supprimer les pr\u00e9f\u00e9rences d&rsquo;une journ\u00e9e individuelle en cliquant sur l&rsquo;ic\u00f4ne de suppression.<\/em><\/li>\n\n\n\n<li><em>L&rsquo;utilisateur peut visualiser le cycle futur sous forme d\u00e9velopp\u00e9e ou r\u00e9duite en cliquant sur l&rsquo;ic\u00f4ne en forme de chevron apparaissant avant l&rsquo;\u00e9tiquette du cycle futur.<\/em><\/li>\n<\/ul>\n\n\n\n<h3 class=\"wp-block-heading\">Supprimer un cycle futur<\/h3>\n\n\n\n<ul class=\"wp-block-list\">\n<li>Dans le menu lat\u00e9ral \u00ab\u00a0Sp\u00e9cifier la disponibilit\u00e9\u00a0\u00bb, cliquer sur l&rsquo;onglet \u00ab\u00a0Cycle futur\u00a0\u00bb.<\/li>\n\n\n\n<li>L&rsquo;utilisateur clique sur l&rsquo;ic\u00f4ne de suppression qui appara\u00eet \u00e0 c\u00f4t\u00e9 de la date de d\u00e9but du cycle futur.<\/li>\n\n\n\n<li>Une bo\u00eete de dialogue de confirmation appara\u00eet, l&rsquo;utilisateur doit cliquer sur \u00ab\u00a0Supprimer\u00a0\u00bb.<\/li>\n\n\n\n<li>L&rsquo;utilisateur verra le message de r\u00e9ussite du toast une fois le cycle supprim\u00e9 avec succ\u00e8s et le cycle futur n&rsquo;appara\u00eetra plus sous l&rsquo;onglet \u00ab\u00a0cycle futur\u00a0\u00bb.<\/li>\n<\/ul>\n\n\n\n<figure class=\"wp-block-image\"><img decoding=\"async\" src=\"https:\/\/lh7-rt.googleusercontent.com\/docsz\/AD_4nXeGHPBiEU_uY-uROi4cPeiteCzRGtmoOmyODHVrvpyNiNtwONYBFUEiAl57bRsG7-VKUYD0NhE-O3F1z5jOE6_-OKTvMLOusX5Rk3OSnX3tv1GcwYD8gy1fFboqr7nHbZkUhhU7jf8czbMRo0M2vuEHVQ?key=ct1J8mtG3a64_MTzBC4SpA\" alt=\"\" \/><\/figure>\n\n\n\n<h2 class=\"wp-block-heading\">P\u00e9riode bloqu\u00e9e<\/h2>\n\n\n\n<p>Si l&rsquo;utilisateur a configur\u00e9 la p\u00e9riode bloqu\u00e9e (limiter les employ\u00e9s \u00e0 modifier leur disponibilit\u00e9 dans les jours d\u00e9finis), l&rsquo;utilisateur ESS ne peut apporter aucune modification \u00e0 ses pr\u00e9f\u00e9rences (ajouter\/modifier\/supprimer les pr\u00e9f\u00e9rences d&rsquo;une journ\u00e9e individuelle, les pr\u00e9f\u00e9rences d&rsquo;un cycle r\u00e9current ou d&rsquo;un cycle futur) au cours de la p\u00e9riode bloqu\u00e9e. Cependant, les utilisateurs MSS peuvent toujours mettre \u00e0 jour les pr\u00e9f\u00e9rences ind\u00e9pendamment de la p\u00e9riode bloqu\u00e9e.<\/p>\n","protected":false},"excerpt":{"rendered":"<p>Aper\u00e7u des fonctionnalit\u00e9s \u00c9tablir la disponibilit\u00e9 de l&rsquo;horaire permet aux utilisateurs MSS de sp\u00e9cifier les pr\u00e9f\u00e9rences de disponibilit\u00e9 des employ\u00e9s ESS pour Cela permet \u00e0 l&rsquo;utilisateur MSS d&rsquo;assigner les horaires en fonction de la disponibilit\u00e9 de l&#8217;employ\u00e9. NOTE: La disponibilit\u00e9 de l&rsquo;horaire est uniquement pour les informations de disponibilit\u00e9 de&#8230;<\/p>\n","protected":false},"author":4,"comment_status":"closed","ping_status":"closed","template":"","format":"standard","meta":{"_lmt_disableupdate":"","_lmt_disable":"","footnotes":""},"ht-kb-category":[199],"ht-kb-tag":[116,166,177,32],"class_list":["post-3697","ht_kb","type-ht_kb","status-publish","format-standard","hentry","ht_kb_category-programmer-disponibilite","ht_kb_tag-mss","ht_kb_tag-mss-2","ht_kb_tag-schedule-2","ht_kb_tag-schedule"],"_links":{"self":[{"href":"https:\/\/help.synerion.com\/agile\/fr\/wp-json\/wp\/v2\/ht-kb\/3697","targetHints":{"allow":["GET"]}}],"collection":[{"href":"https:\/\/help.synerion.com\/agile\/fr\/wp-json\/wp\/v2\/ht-kb"}],"about":[{"href":"https:\/\/help.synerion.com\/agile\/fr\/wp-json\/wp\/v2\/types\/ht_kb"}],"author":[{"embeddable":true,"href":"https:\/\/help.synerion.com\/agile\/fr\/wp-json\/wp\/v2\/users\/4"}],"replies":[{"embeddable":true,"href":"https:\/\/help.synerion.com\/agile\/fr\/wp-json\/wp\/v2\/comments?post=3697"}],"version-history":[{"count":1,"href":"https:\/\/help.synerion.com\/agile\/fr\/wp-json\/wp\/v2\/ht-kb\/3697\/revisions"}],"predecessor-version":[{"id":3698,"href":"https:\/\/help.synerion.com\/agile\/fr\/wp-json\/wp\/v2\/ht-kb\/3697\/revisions\/3698"}],"wp:attachment":[{"href":"https:\/\/help.synerion.com\/agile\/fr\/wp-json\/wp\/v2\/media?parent=3697"}],"wp:term":[{"taxonomy":"ht_kb_category","embeddable":true,"href":"https:\/\/help.synerion.com\/agile\/fr\/wp-json\/wp\/v2\/ht-kb-category?post=3697"},{"taxonomy":"ht_kb_tag","embeddable":true,"href":"https:\/\/help.synerion.com\/agile\/fr\/wp-json\/wp\/v2\/ht-kb-tag?post=3697"}],"curies":[{"name":"wp","href":"https:\/\/api.w.org\/{rel}","templated":true}]}}