{"id":3802,"date":"2024-10-23T17:44:26","date_gmt":"2024-10-23T17:44:26","guid":{"rendered":"\/agile\/?post_type=ht_kb&#038;p=3802"},"modified":"2025-01-06T16:04:18","modified_gmt":"2025-01-06T16:04:18","slug":"conges-creer-modifier-et-supprimer-le-calendrier","status":"publish","type":"ht_kb","link":"\/agile\/fr\/knowledge-base\/conges-creer-modifier-et-supprimer-le-calendrier\/","title":{"rendered":"Cong\u00e9s f\u00e9ri\u00e9s &#8211; Cr\u00e9er, modifier et supprimer le calendrier des cong\u00e9s\u00a0"},"content":{"rendered":"\n<p>\n  Comme dans le cas de Legacy, l\u2019utilisateur de Bolt a les m\u00eames possibilit\u00e9s de cr\u00e9er, modifier ou supprimer un calendrier de cong\u00e9s. \n<\/p>\n\n\n\n<p class=\"has-medium-font-size\"><strong>Cr\u00e9er un calendrier des cong\u00e9s <\/strong>\n<\/p>\n\n\n\n<p>\n  Pour cr\u00e9er un calendrier des cong\u00e9s,  \n<\/p>\n\n\n\n<ol class=\"wp-block-list\">\n<li>Cliquez sur le bouton \u00ab Actions \u00bb qui appara\u00eet dans le coin sup\u00e9rieur droit. <br><\/li>\n\n\n\n<li>Cliquez sur \u00ab Cr\u00e9er un calendrier des cong\u00e9s \u00bb. <br><\/li>\n<\/ol>\n\n\n\n<figure class=\"wp-block-image size-full\"><img loading=\"lazy\" decoding=\"async\" width=\"1600\" height=\"858\" src=\"\/agile\/wp-content\/uploads\/sites\/2\/2024\/10\/word-image-3802-1.png\" alt=\"\" class=\"wp-image-4528\" srcset=\"\/agile\/wp-content\/uploads\/sites\/2\/2024\/10\/word-image-3802-1.png 1600w, \/agile\/wp-content\/uploads\/sites\/2\/2024\/10\/word-image-3802-1-300x161.png 300w, \/agile\/wp-content\/uploads\/sites\/2\/2024\/10\/word-image-3802-1-1024x549.png 1024w, \/agile\/wp-content\/uploads\/sites\/2\/2024\/10\/word-image-3802-1-768x412.png 768w, \/agile\/wp-content\/uploads\/sites\/2\/2024\/10\/word-image-3802-1-50x27.png 50w, \/agile\/wp-content\/uploads\/sites\/2\/2024\/10\/word-image-3802-1-1536x824.png 1536w, \/agile\/wp-content\/uploads\/sites\/2\/2024\/10\/word-image-3802-1-60x32.png 60w, \/agile\/wp-content\/uploads\/sites\/2\/2024\/10\/word-image-3802-1-100x54.png 100w\" sizes=\"auto, (max-width: 1600px) 100vw, 1600px\" \/><\/figure>\n\n\n\n<p>2. Une fen\u00eatre pop-up appara\u00eet<\/p>\n\n\n\n<p>3. Saisir le nom du programme de cong\u00e9s (le nom du programme de cong\u00e9s doit \u00eatre unique). <br>  <\/p>\n\n\n\n<p>4. Une fois le nom du programme de cong\u00e9s saisi, le bouton \u00ab Appliquer \u00bb est activ\u00e9. <br><\/p>\n\n\n\n<ol class=\"wp-block-list\"><\/ol>\n\n\n\n<figure class=\"wp-block-image size-full\"><img loading=\"lazy\" decoding=\"async\" width=\"1600\" height=\"856\" src=\"\/agile\/wp-content\/uploads\/sites\/2\/2024\/10\/word-image-3802-2.png\" alt=\"\" class=\"wp-image-4530\" srcset=\"\/agile\/wp-content\/uploads\/sites\/2\/2024\/10\/word-image-3802-2.png 1600w, \/agile\/wp-content\/uploads\/sites\/2\/2024\/10\/word-image-3802-2-300x161.png 300w, \/agile\/wp-content\/uploads\/sites\/2\/2024\/10\/word-image-3802-2-1024x548.png 1024w, \/agile\/wp-content\/uploads\/sites\/2\/2024\/10\/word-image-3802-2-768x411.png 768w, \/agile\/wp-content\/uploads\/sites\/2\/2024\/10\/word-image-3802-2-50x27.png 50w, \/agile\/wp-content\/uploads\/sites\/2\/2024\/10\/word-image-3802-2-1536x822.png 1536w, \/agile\/wp-content\/uploads\/sites\/2\/2024\/10\/word-image-3802-2-60x32.png 60w, \/agile\/wp-content\/uploads\/sites\/2\/2024\/10\/word-image-3802-2-100x54.png 100w\" sizes=\"auto, (max-width: 1600px) 100vw, 1600px\" \/><\/figure>\n\n\n\n<p>5. Cliquer sur le bouton \u00ab Appliquer \u00bb pour sauvegarder le calendrier des cong\u00e9s. <br><\/p>\n\n\n\n<p>6. Une fois la sauvegarde r\u00e9ussie, l\u2019utilisateur verra un message de r\u00e9ussite et pourra voir le nouveau programme de vacances ajout\u00e9 dans le menu d\u00e9roulant des programmes de vacances. <br><\/p>\n\n\n\n<ol class=\"wp-block-list\"><\/ol>\n\n\n\n<p><strong><em>NOTE: Le nom du calendrier de cong\u00e9s doit \u00eatre unique. <\/em><\/strong>\n<\/p>\n\n\n\n<p class=\"has-medium-font-size\"><strong>Modifier le calendrier des cong\u00e9s <\/strong>\n<\/p>\n\n\n\n<p>\n  To edit an existing holiday schedule,  \n<\/p>\n\n\n\n<ol class=\"wp-block-list\">\n<li>S\u00e9lectionnez dans la liste d\u00e9roulante le programme de cong\u00e9s que l\u2019utilisateur souhaite modifier.  <br><\/li>\n\n\n\n<li>Cliquez sur le bouton \u00ab Actions \u00bb qui appara\u00eet dans le coin sup\u00e9rieur droit. <br><\/li>\n\n\n\n<li>Cliquer sur \u00ab Modifier le calendrier des cong\u00e9s \u00bb. <br><\/li>\n<\/ol>\n\n\n\n<figure class=\"wp-block-image size-full\"><img loading=\"lazy\" decoding=\"async\" width=\"1600\" height=\"880\" src=\"\/agile\/wp-content\/uploads\/sites\/2\/2024\/10\/word-image-3802-3.png\" alt=\"\" class=\"wp-image-4532\" srcset=\"\/agile\/wp-content\/uploads\/sites\/2\/2024\/10\/word-image-3802-3.png 1600w, \/agile\/wp-content\/uploads\/sites\/2\/2024\/10\/word-image-3802-3-300x165.png 300w, \/agile\/wp-content\/uploads\/sites\/2\/2024\/10\/word-image-3802-3-1024x563.png 1024w, \/agile\/wp-content\/uploads\/sites\/2\/2024\/10\/word-image-3802-3-768x422.png 768w, \/agile\/wp-content\/uploads\/sites\/2\/2024\/10\/word-image-3802-3-50x28.png 50w, \/agile\/wp-content\/uploads\/sites\/2\/2024\/10\/word-image-3802-3-1536x845.png 1536w, \/agile\/wp-content\/uploads\/sites\/2\/2024\/10\/word-image-3802-3-60x33.png 60w, \/agile\/wp-content\/uploads\/sites\/2\/2024\/10\/word-image-3802-3-100x55.png 100w\" sizes=\"auto, (max-width: 1600px) 100vw, 1600px\" \/><\/figure>\n\n\n\n<p>4. Une bo\u00eete de dialogue \u00ab Modifier le calendrier des cong\u00e9s \u00bb s\u2019ouvre.<br><\/p>\n\n\n\n<p>5. L\u2019utilisateur peut modifier le nom du programme de cong\u00e9s. <br><\/p>\n\n\n\n<p>6. Une fois les modifications apport\u00e9es par l\u2019utilisateur, le bouton \u00ab Appliquer \u00bb est activ\u00e9. <br>  <br><br>  <figure><img loading=\"lazy\" decoding=\"async\" width=\"1600\" height=\"823\" class=\"wp-image-4534\" src=\"\/agile\/wp-content\/uploads\/sites\/2\/2024\/10\/word-image-3802-4.png\" srcset=\"\/agile\/wp-content\/uploads\/sites\/2\/2024\/10\/word-image-3802-4.png 1600w, \/agile\/wp-content\/uploads\/sites\/2\/2024\/10\/word-image-3802-4-300x154.png 300w, \/agile\/wp-content\/uploads\/sites\/2\/2024\/10\/word-image-3802-4-1024x527.png 1024w, \/agile\/wp-content\/uploads\/sites\/2\/2024\/10\/word-image-3802-4-768x395.png 768w, \/agile\/wp-content\/uploads\/sites\/2\/2024\/10\/word-image-3802-4-50x26.png 50w, \/agile\/wp-content\/uploads\/sites\/2\/2024\/10\/word-image-3802-4-1536x790.png 1536w, \/agile\/wp-content\/uploads\/sites\/2\/2024\/10\/word-image-3802-4-60x31.png 60w, \/agile\/wp-content\/uploads\/sites\/2\/2024\/10\/word-image-3802-4-100x51.png 100w\" sizes=\"auto, (max-width: 1600px) 100vw, 1600px\" \/><\/figure><br>7. L\u2019utilisateur clique sur \u00ab Appliquer \u00bb <br><\/p>\n\n\n\n<p>8. Le nom du calendrier des cong\u00e9s est sauvegard\u00e9 avec le nom mis \u00e0 jour et le message de r\u00e9ussite s\u2019affiche. <br><\/p>\n\n\n\n<ol class=\"wp-block-list\"><\/ol>\n\n\n\n<p><strong><em>NOTE: Le nom du calendrier de cong\u00e9s doit \u00eatre unique.<\/em><\/strong> \n<\/p>\n\n\n\n<p class=\"has-medium-font-size\"><strong>Supprimer le calendrier des cong\u00e9s <\/strong>\n<\/p>\n\n\n\n<p>\n  Pour modifier un calendrier de cong\u00e9s existant,  \n<\/p>\n\n\n\n<ol class=\"wp-block-list\">\n<li>S\u00e9lectionnez un programme de cong\u00e9s que l\u2019utilisateur souhaite supprimer.  <br><\/li>\n\n\n\n<li>Cliquez sur le bouton \u00ab Actions \u00bb qui appara\u00eet dans le coin sup\u00e9rieur droit. <br><\/li>\n\n\n\n<li>Cliquer sur \u00ab Modifier le calendrier des cong\u00e9s \u00bb.<br><\/li>\n<\/ol>\n\n\n\n<figure class=\"wp-block-image size-full\"><img loading=\"lazy\" decoding=\"async\" width=\"1600\" height=\"862\" src=\"\/agile\/wp-content\/uploads\/sites\/2\/2024\/10\/word-image-3802-5.png\" alt=\"\" class=\"wp-image-4536\" srcset=\"\/agile\/wp-content\/uploads\/sites\/2\/2024\/10\/word-image-3802-5.png 1600w, \/agile\/wp-content\/uploads\/sites\/2\/2024\/10\/word-image-3802-5-300x162.png 300w, \/agile\/wp-content\/uploads\/sites\/2\/2024\/10\/word-image-3802-5-1024x552.png 1024w, \/agile\/wp-content\/uploads\/sites\/2\/2024\/10\/word-image-3802-5-768x414.png 768w, \/agile\/wp-content\/uploads\/sites\/2\/2024\/10\/word-image-3802-5-50x27.png 50w, \/agile\/wp-content\/uploads\/sites\/2\/2024\/10\/word-image-3802-5-1536x828.png 1536w, \/agile\/wp-content\/uploads\/sites\/2\/2024\/10\/word-image-3802-5-60x32.png 60w, \/agile\/wp-content\/uploads\/sites\/2\/2024\/10\/word-image-3802-5-100x54.png 100w\" sizes=\"auto, (max-width: 1600px) 100vw, 1600px\" \/><\/figure>\n\n\n\n<p>4 Une bo\u00eete de dialogue \u00ab Modifier le calendrier des cong\u00e9s \u00bb s\u2019ouvre. <br><\/p>\n\n\n\n<p>5. Pour supprimer un programme de cong\u00e9s, l\u2019utilisateur clique sur l\u2019ic\u00f4ne \u00ab Corbeille \u00bb pour supprimer le groupe de cong\u00e9s. <br><\/p>\n\n\n\n<ol class=\"wp-block-list\"><\/ol>\n\n\n\n<figure class=\"wp-block-image size-full\"><img loading=\"lazy\" decoding=\"async\" width=\"1600\" height=\"865\" src=\"\/agile\/wp-content\/uploads\/sites\/2\/2024\/10\/word-image-3802-6.png\" alt=\"\" class=\"wp-image-4538\" srcset=\"\/agile\/wp-content\/uploads\/sites\/2\/2024\/10\/word-image-3802-6.png 1600w, \/agile\/wp-content\/uploads\/sites\/2\/2024\/10\/word-image-3802-6-300x162.png 300w, \/agile\/wp-content\/uploads\/sites\/2\/2024\/10\/word-image-3802-6-1024x554.png 1024w, \/agile\/wp-content\/uploads\/sites\/2\/2024\/10\/word-image-3802-6-768x415.png 768w, \/agile\/wp-content\/uploads\/sites\/2\/2024\/10\/word-image-3802-6-50x27.png 50w, \/agile\/wp-content\/uploads\/sites\/2\/2024\/10\/word-image-3802-6-1536x830.png 1536w, \/agile\/wp-content\/uploads\/sites\/2\/2024\/10\/word-image-3802-6-60x32.png 60w, \/agile\/wp-content\/uploads\/sites\/2\/2024\/10\/word-image-3802-6-100x54.png 100w\" sizes=\"auto, (max-width: 1600px) 100vw, 1600px\" \/><\/figure>\n\n\n\n<p>6. Lorsque l\u2019utilisateur clique sur le bouton \u00ab Supprimer \u00bb, une bo\u00eete de dialogue de confirmation s\u2019affiche. <br><\/p>\n\n\n\n<p>7. L\u2019utilisateur clique sur le bouton \u00ab Supprimer \u00bb qui appara\u00eet dans la bo\u00eete de dialogue de confirmation. <br><\/p>\n\n\n\n<p>8. Une fois la suppression r\u00e9ussie, un message de r\u00e9ussite s\u2019affiche et le calendrier des cong\u00e9s n\u2019appara\u00eet plus dans la liste d\u00e9roulante.<br><\/p>\n\n\n\n<ol class=\"wp-block-list\"><\/ol>\n\n\n\n<p><strong><em>NOTE: <\/em>Si l\u2019un des cong\u00e9s figurant dans la rubrique Calendrier des cong\u00e9s est utilis\u00e9, l\u2019utilisateur ne pourra pas supprimer ce calendrier des cong\u00e9s. Si l\u2019utilisateur tente de le faire, il obtiendra un message d\u2019erreur indiquant que \u00ab l\u2019\u00e9l\u00e9ment s\u00e9lectionn\u00e9 est utilis\u00e9 par le syst\u00e8me et ne peut pas \u00eatre supprim\u00e9 \u00bb. <\/strong> \n<\/p>\n\n\n\n<p><\/p>\n","protected":false},"excerpt":{"rendered":"<p>Comme dans le cas de Legacy, l\u2019utilisateur de Bolt a les m\u00eames possibilit\u00e9s de cr\u00e9er, modifier ou supprimer un calendrier de cong\u00e9s. Cr\u00e9er un calendrier des cong\u00e9s Pour cr\u00e9er un calendrier des cong\u00e9s, 2. Une fen\u00eatre pop-up appara\u00eet 3. Saisir le nom du programme de cong\u00e9s (le nom du programme&#8230;<\/p>\n","protected":false},"author":4,"comment_status":"closed","ping_status":"closed","template":"","format":"standard","meta":{"_lmt_disableupdate":"","_lmt_disable":"","footnotes":""},"ht-kb-category":[246],"ht-kb-tag":[216,215,243,244,116,166],"class_list":["post-3802","ht_kb","type-ht_kb","status-publish","format-standard","hentry","ht_kb_category-conges-feries","ht_kb_tag-admin-2","ht_kb_tag-admin","ht_kb_tag-holidays","ht_kb_tag-holidays-2","ht_kb_tag-mss","ht_kb_tag-mss-2"],"_links":{"self":[{"href":"https:\/\/help.synerion.com\/agile\/fr\/wp-json\/wp\/v2\/ht-kb\/3802","targetHints":{"allow":["GET"]}}],"collection":[{"href":"https:\/\/help.synerion.com\/agile\/fr\/wp-json\/wp\/v2\/ht-kb"}],"about":[{"href":"https:\/\/help.synerion.com\/agile\/fr\/wp-json\/wp\/v2\/types\/ht_kb"}],"author":[{"embeddable":true,"href":"https:\/\/help.synerion.com\/agile\/fr\/wp-json\/wp\/v2\/users\/4"}],"replies":[{"embeddable":true,"href":"https:\/\/help.synerion.com\/agile\/fr\/wp-json\/wp\/v2\/comments?post=3802"}],"version-history":[{"count":2,"href":"https:\/\/help.synerion.com\/agile\/fr\/wp-json\/wp\/v2\/ht-kb\/3802\/revisions"}],"predecessor-version":[{"id":4540,"href":"https:\/\/help.synerion.com\/agile\/fr\/wp-json\/wp\/v2\/ht-kb\/3802\/revisions\/4540"}],"wp:attachment":[{"href":"https:\/\/help.synerion.com\/agile\/fr\/wp-json\/wp\/v2\/media?parent=3802"}],"wp:term":[{"taxonomy":"ht_kb_category","embeddable":true,"href":"https:\/\/help.synerion.com\/agile\/fr\/wp-json\/wp\/v2\/ht-kb-category?post=3802"},{"taxonomy":"ht_kb_tag","embeddable":true,"href":"https:\/\/help.synerion.com\/agile\/fr\/wp-json\/wp\/v2\/ht-kb-tag?post=3802"}],"curies":[{"name":"wp","href":"https:\/\/api.w.org\/{rel}","templated":true}]}}