{"id":6550,"date":"2025-04-25T16:59:44","date_gmt":"2025-04-25T16:59:44","guid":{"rendered":"\/agile\/fr\/?post_type=ht_kb&#038;p=6550"},"modified":"2025-04-25T16:59:50","modified_gmt":"2025-04-25T16:59:50","slug":"releves-preferences","status":"publish","type":"ht_kb","link":"\/agile\/fr\/knowledge-base\/releves-preferences\/","title":{"rendered":"Relev\u00e9s: Pr\u00e9f\u00e9rences"},"content":{"rendered":"\n<h2 class=\"wp-block-heading\">Cr\u00e9er des pr\u00e9f\u00e9rences<\/h2>\n\n\n\n<p>\n  L&rsquo;utilisateur peut cr\u00e9er et \u00e9diter des pr\u00e9f\u00e9rences pour modifier la fa\u00e7on dont les rapports sont structur\u00e9s et affich\u00e9s.\n<\/p>\n\n\n\n<p><strong>\u00c9tape 1 : Acc\u00e9der \u00e0 la section relev\u00e9s <\/strong>\n<\/p>\n\n\n\n<ul class=\"wp-block-list\">\n<li>Dans le menu lat\u00e9ral de gauche, cliquez sur Relev\u00e9s.<br>  <\/li>\n\n\n\n<li>Dans la page de relev\u00e9s, d\u00e9veloppez la cat\u00e9gorie appropri\u00e9e (par exemple, Temps et pr\u00e9sence). <br>  <\/li>\n\n\n\n<li>Cliquez sur le type de relev\u00e9 souhait\u00e9, par exemple R\u00e9sum\u00e9 de la p\u00e9riode de paie.<br>  <\/li>\n<\/ul>\n\n\n\n<p><strong>\u00c9tape 2 : Acc\u00e9der \u00e0 la section Pr\u00e9f\u00e9rences <\/strong>\n<\/p>\n\n\n\n<ul class=\"wp-block-list\">\n<li>Acc\u00e9dez \u00e0 la section Pr\u00e9f\u00e9rences comme indiqu\u00e9 dans la capture d&rsquo;\u00e9cran ci-dessous.  <br>  <\/li>\n\n\n\n<li>La pr\u00e9f\u00e9rence par d\u00e9faut est intitul\u00e9e <strong>Original.<\/strong><br>  <\/li>\n<\/ul>\n\n\n\n<figure class=\"wp-block-image\"><img loading=\"lazy\" decoding=\"async\" width=\"2528\" height=\"1054\" src=\"\/agile\/wp-content\/uploads\/sites\/2\/2025\/04\/word-image-6550-1.png\" alt=\"\" class=\"wp-image-6551\" srcset=\"\/agile\/wp-content\/uploads\/sites\/2\/2025\/04\/word-image-6550-1.png 2528w, \/agile\/wp-content\/uploads\/sites\/2\/2025\/04\/word-image-6550-1-300x125.png 300w, \/agile\/wp-content\/uploads\/sites\/2\/2025\/04\/word-image-6550-1-1024x427.png 1024w, \/agile\/wp-content\/uploads\/sites\/2\/2025\/04\/word-image-6550-1-768x320.png 768w, \/agile\/wp-content\/uploads\/sites\/2\/2025\/04\/word-image-6550-1-50x21.png 50w, \/agile\/wp-content\/uploads\/sites\/2\/2025\/04\/word-image-6550-1-1536x640.png 1536w, \/agile\/wp-content\/uploads\/sites\/2\/2025\/04\/word-image-6550-1-2048x854.png 2048w, \/agile\/wp-content\/uploads\/sites\/2\/2025\/04\/word-image-6550-1-60x25.png 60w, \/agile\/wp-content\/uploads\/sites\/2\/2025\/04\/word-image-6550-1-100x42.png 100w\" sizes=\"auto, (max-width: 2528px) 100vw, 2528px\" \/><\/figure>\n\n\n\n<p><\/p>\n\n\n\n<p>\n  <br>\n<\/p>\n\n\n\n<p><strong>\u00c9tape 3 : Personnaliser les pr\u00e9f\u00e9rences : Modifiez l&rsquo;un des param\u00e8tres suivants : <\/strong>\n<\/p>\n\n\n\n<ul class=\"wp-block-list\">\n<li>Options de regroupement : Ajouter ou supprimer un groupe (par exemple, d\u00e9partement, employ\u00e9, grands totaux). <br>  <\/li>\n\n\n\n<li>Afficher les champs : Choisissez d&rsquo;afficher des champs de donn\u00e9es sp\u00e9cifiques.<br>  <\/li>\n\n\n\n<li>Groupe de cat\u00e9gories de temps : D\u00e9finissez les cat\u00e9gories de temps \u00e0 inclure. <br>  <\/li>\n\n\n\n<li>Exclure le groupe de cat\u00e9gories de temps : Supprimez les cat\u00e9gories non d\u00e9sir\u00e9es du total. <br>  <\/li>\n<\/ul>\n\n\n\n<p><strong>\u00c9tape 4 : Cr\u00e9er une pr\u00e9f\u00e9rence <\/strong>\n<\/p>\n\n\n\n<ul class=\"wp-block-list\">\n<li>Une fois toutes les modifications effectu\u00e9es, cliquez sur le bouton \u00ab + \u00bb situ\u00e9 \u00e0 c\u00f4t\u00e9 du nom de la pr\u00e9f\u00e9rence originale.<br>  <\/li>\n<\/ul>\n\n\n\n<figure class=\"wp-block-image\"><img loading=\"lazy\" decoding=\"async\" width=\"2526\" height=\"1076\" src=\"\/agile\/wp-content\/uploads\/sites\/2\/2025\/04\/word-image-6550-2.png\" alt=\"\" class=\"wp-image-6553\" srcset=\"\/agile\/wp-content\/uploads\/sites\/2\/2025\/04\/word-image-6550-2.png 2526w, \/agile\/wp-content\/uploads\/sites\/2\/2025\/04\/word-image-6550-2-300x128.png 300w, \/agile\/wp-content\/uploads\/sites\/2\/2025\/04\/word-image-6550-2-1024x436.png 1024w, \/agile\/wp-content\/uploads\/sites\/2\/2025\/04\/word-image-6550-2-768x327.png 768w, \/agile\/wp-content\/uploads\/sites\/2\/2025\/04\/word-image-6550-2-50x21.png 50w, \/agile\/wp-content\/uploads\/sites\/2\/2025\/04\/word-image-6550-2-1536x654.png 1536w, \/agile\/wp-content\/uploads\/sites\/2\/2025\/04\/word-image-6550-2-2048x872.png 2048w, \/agile\/wp-content\/uploads\/sites\/2\/2025\/04\/word-image-6550-2-60x26.png 60w, \/agile\/wp-content\/uploads\/sites\/2\/2025\/04\/word-image-6550-2-100x43.png 100w\" sizes=\"auto, (max-width: 2526px) 100vw, 2526px\" \/><\/figure>\n\n\n\n<p>\n  <br>\n  \n<\/p>\n\n\n\n<p><strong>\u00c9tape 5 : Enregistrer la pr\u00e9f\u00e9rence <\/strong>\n<\/p>\n\n\n\n<p>\n  Dans la bo\u00eete de dialogue, indiquez un nouveau nom de pr\u00e9f\u00e9rence et l&rsquo;utilisateur peut basculer entre les options D\u00e9finir par d\u00e9faut et Partag\u00e9. Cliquez sur \u00ab Enregistrer \u00bb pour sauvegarder la nouvelle pr\u00e9f\u00e9rence.\n<\/p>\n\n\n\n<figure class=\"wp-block-image\"><img loading=\"lazy\" decoding=\"async\" width=\"2490\" height=\"1056\" src=\"\/agile\/wp-content\/uploads\/sites\/2\/2025\/04\/word-image-6550-3.png\" alt=\"\" class=\"wp-image-6555\" srcset=\"\/agile\/wp-content\/uploads\/sites\/2\/2025\/04\/word-image-6550-3.png 2490w, \/agile\/wp-content\/uploads\/sites\/2\/2025\/04\/word-image-6550-3-300x127.png 300w, \/agile\/wp-content\/uploads\/sites\/2\/2025\/04\/word-image-6550-3-1024x434.png 1024w, \/agile\/wp-content\/uploads\/sites\/2\/2025\/04\/word-image-6550-3-768x326.png 768w, \/agile\/wp-content\/uploads\/sites\/2\/2025\/04\/word-image-6550-3-50x21.png 50w, \/agile\/wp-content\/uploads\/sites\/2\/2025\/04\/word-image-6550-3-1536x651.png 1536w, \/agile\/wp-content\/uploads\/sites\/2\/2025\/04\/word-image-6550-3-2048x869.png 2048w, \/agile\/wp-content\/uploads\/sites\/2\/2025\/04\/word-image-6550-3-60x25.png 60w, \/agile\/wp-content\/uploads\/sites\/2\/2025\/04\/word-image-6550-3-100x42.png 100w\" sizes=\"auto, (max-width: 2490px) 100vw, 2490px\" \/><\/figure>\n\n\n\n<p><\/p>\n\n\n\n<p><strong><em>NOTE :  <\/em><\/strong>\n<\/p>\n\n\n\n<ol class=\"wp-block-list\">\n<li><strong><em>L&rsquo;utilisateur peut modifier les pr\u00e9f\u00e9rences d&rsquo;origine pour exporter le relev\u00e9. Cependant, l&rsquo;utilisateur ne peut pas modifier\/enregistrer les param\u00e8tres de la pr\u00e9f\u00e9rence originale. <\/em><\/strong><br><\/li>\n\n\n\n<li><strong><em>Les options de la section Pr\u00e9f\u00e9rences d\u00e9pendent enti\u00e8rement de la s\u00e9lection du type de relev\u00e9. Chaque type de rapport poss\u00e8de son propre ensemble d&rsquo;options dans les pr\u00e9f\u00e9rences . <\/em><\/strong><br><\/li>\n\n\n\n<li><strong><em>Lorsque l&rsquo;option \u00ab D\u00e9finir par d\u00e9faut \u00bb est activ\u00e9e lors de l&rsquo;enregistrement d&rsquo;une nouvelle pr\u00e9f\u00e9rence, la pr\u00e9f\u00e9rence nouvellement cr\u00e9\u00e9e sera s\u00e9lectionn\u00e9e par d\u00e9faut pour le relev\u00e9 pr\u00e9f\u00e9r\u00e9. Dans le cas contraire, Original sera le relev\u00e9  par d\u00e9faut.<\/em><\/strong><br><\/li>\n<\/ol>\n\n\n\n<h2 class=\"wp-block-heading\">Modifier les pr\u00e9f\u00e9rences<\/h2>\n\n\n\n<p><strong>\u00c9tape 1 : Acc\u00e9der \u00e0 la section relev\u00e9s <\/strong>\n<\/p>\n\n\n\n<ul class=\"wp-block-list\">\n<li>Dans le menu lat\u00e9ral de gauche, cliquez sur Relev\u00e9s.<br>  <\/li>\n\n\n\n<li>Dans la page de relev\u00e9s, d\u00e9veloppez la cat\u00e9gorie appropri\u00e9e (par exemple, Temps et pr\u00e9sence). <br>  <\/li>\n\n\n\n<li>Cliquez sur le type de relev\u00e9 souhait\u00e9, par exemple R\u00e9sum\u00e9 de la p\u00e9riode de paie.<br>  <\/li>\n<\/ul>\n\n\n\n<p><strong>\u00c9tape 2 : Acc\u00e9der \u00e0 la section Pr\u00e9f\u00e9rences <\/strong>\n<\/p>\n\n\n\n<ul class=\"wp-block-list\">\n<li>Acc\u00e9dez \u00e0 la section Pr\u00e9f\u00e9rences comme indiqu\u00e9 dans la capture d&rsquo;\u00e9cran ci-dessous.  <br>  <\/li>\n\n\n\n<li>La pr\u00e9f\u00e9rence par d\u00e9faut est \u00e9tiquet\u00e9e comme Original, \u00e0 moins qu&rsquo;une pr\u00e9f\u00e9rence cr\u00e9\u00e9e par l&rsquo;utilisateur ne soit d\u00e9finie par d\u00e9faut. <br>  <\/li>\n\n\n\n<li>Dans la section Pr\u00e9f\u00e9rences, s\u00e9lectionnez la pr\u00e9f\u00e9rence que vous souhaitez modifier dans la liste d\u00e9roulante.<br>  <\/li>\n<\/ul>\n\n\n\n<figure class=\"wp-block-image\"><img loading=\"lazy\" decoding=\"async\" width=\"2530\" height=\"1058\" src=\"\/agile\/wp-content\/uploads\/sites\/2\/2025\/04\/word-image-6550-4.png\" alt=\"\" class=\"wp-image-6557\" srcset=\"\/agile\/wp-content\/uploads\/sites\/2\/2025\/04\/word-image-6550-4.png 2530w, \/agile\/wp-content\/uploads\/sites\/2\/2025\/04\/word-image-6550-4-300x125.png 300w, \/agile\/wp-content\/uploads\/sites\/2\/2025\/04\/word-image-6550-4-1024x428.png 1024w, \/agile\/wp-content\/uploads\/sites\/2\/2025\/04\/word-image-6550-4-768x321.png 768w, \/agile\/wp-content\/uploads\/sites\/2\/2025\/04\/word-image-6550-4-50x21.png 50w, \/agile\/wp-content\/uploads\/sites\/2\/2025\/04\/word-image-6550-4-1536x642.png 1536w, \/agile\/wp-content\/uploads\/sites\/2\/2025\/04\/word-image-6550-4-2048x856.png 2048w, \/agile\/wp-content\/uploads\/sites\/2\/2025\/04\/word-image-6550-4-60x25.png 60w, \/agile\/wp-content\/uploads\/sites\/2\/2025\/04\/word-image-6550-4-100x42.png 100w\" sizes=\"auto, (max-width: 2530px) 100vw, 2530px\" \/><\/figure>\n\n\n\n<p><\/p>\n\n\n\n<p><strong>\u00c9tape 3 : Modifier les pr\u00e9f\u00e9rences <\/strong>\n<\/p>\n\n\n\n<p><\/p>\n\n\n\n<ul class=\"wp-block-list\">\n<li>Ajustez l&rsquo;option Afficher les champs pour afficher les donn\u00e9es pertinentes. <br>  <\/li>\n\n\n\n<li>Modifiez la structure de regroupement en ajoutant ou en supprimant des groupes (par exemple, D\u00e9partement, Employ\u00e9). Cliquez sur l&rsquo;ic\u00f4ne de la corbeille si l&rsquo;utilisateur souhaite supprimer le groupe. <br>  <\/li>\n\n\n\n<li>L&rsquo;utilisateur peut activer\/d\u00e9sactiver les \u00e9tats de basculement &#8211; D\u00e9fini par d\u00e9faut et Partag\u00e9. <br>  <\/li>\n<\/ul>\n\n\n\n<p><strong>\u00c9tape 4 : Enregistrer la pr\u00e9f\u00e9rence mise \u00e0 jour <\/strong>\n<\/p>\n\n\n\n<ul class=\"wp-block-list\">\n<li>Cliquez sur le bouton Enregistrer (surlign\u00e9 comme dans la capture d&rsquo;\u00e9cran ci-dessus) pour enregistrer vos modifications \u00e0 une pr\u00e9f\u00e9rence existante d\u00e9finie par l&rsquo;utilisateur.<br>  <\/li>\n<\/ul>\n\n\n\n<p><strong><em>NOTE :  <\/em><\/strong>\n<\/p>\n\n\n\n<p><\/p>\n\n\n\n<ol class=\"wp-block-list\">\n<li><strong><em>Les champs et groupes disponibles pour modification d\u00e9pendent enti\u00e8rement du rapport s\u00e9lectionn\u00e9. Chaque relev\u00e9 poss\u00e8de son propre ensemble de donn\u00e9es dans la section Pr\u00e9f\u00e9rences.  <\/em><\/strong><br><\/li>\n\n\n\n<li><strong><em>L&rsquo;utilisateur ne peut pas modifier le nom de la pr\u00e9f\u00e9rence d\u00e9finie par l&rsquo;utilisateur. <\/em><\/strong><br><\/li>\n\n\n\n<li><strong><em>Les utilisateurs peuvent modifier la pr\u00e9f\u00e9rence Original pour exporter un relev\u00e9, mais ils ne peuvent pas enregistrer ou modifier ses param\u00e8tres. Par cons\u00e9quent, le bouton \u00ab Enregistrer \u00bb est masqu\u00e9 pour la pr\u00e9f\u00e9rence Original.<\/em><\/strong><br><\/li>\n<\/ol>\n\n\n\n<h2 class=\"wp-block-heading\">Supprimer une pr\u00e9f\u00e9rence<\/h2>\n\n\n\n<p><strong>\u00c9tape 1 : Acc\u00e9der \u00e0 la section relev\u00e9s <\/strong>\n<\/p>\n\n\n\n<ol class=\"wp-block-list\">\n<li>Dans le menu lat\u00e9ral de gauche, cliquez sur Relev\u00e9s.<br><\/li>\n\n\n\n<li>Dans la page de relev\u00e9s, d\u00e9veloppez la cat\u00e9gorie appropri\u00e9e (par exemple, Temps et pr\u00e9sence). <br><\/li>\n\n\n\n<li>Cliquez sur le type de relev\u00e9 souhait\u00e9, par exemple R\u00e9sum\u00e9 de la p\u00e9riode de paie.<br><\/li>\n<\/ol>\n\n\n\n<p><strong>\u00c9tape 2 : Acc\u00e9der \u00e0 la section Pr\u00e9f\u00e9rences <\/strong>\n<\/p>\n\n\n\n<ol class=\"wp-block-list\">\n<li>Acc\u00e9dez \u00e0 la section Pr\u00e9f\u00e9rences comme indiqu\u00e9 dans la capture d&rsquo;\u00e9cran ci-dessous.  <br><\/li>\n\n\n\n<li>La pr\u00e9f\u00e9rence par d\u00e9faut est \u00e9tiquet\u00e9e comme Original, \u00e0 moins qu&rsquo;une pr\u00e9f\u00e9rence cr\u00e9\u00e9e par l&rsquo;utilisateur ne soit d\u00e9finie par d\u00e9faut. <br><\/li>\n\n\n\n<li>Dans la section Pr\u00e9f\u00e9rences, s\u00e9lectionnez la pr\u00e9f\u00e9rence que vous souhaitez supprimer dans la liste d\u00e9roulante.<br><\/li>\n<\/ol>\n\n\n\n<figure class=\"wp-block-image\"><img loading=\"lazy\" decoding=\"async\" width=\"2530\" height=\"1058\" src=\"\/agile\/wp-content\/uploads\/sites\/2\/2025\/04\/word-image-6550-5.png\" alt=\"\" class=\"wp-image-6559\" srcset=\"\/agile\/wp-content\/uploads\/sites\/2\/2025\/04\/word-image-6550-5.png 2530w, \/agile\/wp-content\/uploads\/sites\/2\/2025\/04\/word-image-6550-5-300x125.png 300w, \/agile\/wp-content\/uploads\/sites\/2\/2025\/04\/word-image-6550-5-1024x428.png 1024w, \/agile\/wp-content\/uploads\/sites\/2\/2025\/04\/word-image-6550-5-768x321.png 768w, \/agile\/wp-content\/uploads\/sites\/2\/2025\/04\/word-image-6550-5-50x21.png 50w, \/agile\/wp-content\/uploads\/sites\/2\/2025\/04\/word-image-6550-5-1536x642.png 1536w, \/agile\/wp-content\/uploads\/sites\/2\/2025\/04\/word-image-6550-5-2048x856.png 2048w, \/agile\/wp-content\/uploads\/sites\/2\/2025\/04\/word-image-6550-5-60x25.png 60w, \/agile\/wp-content\/uploads\/sites\/2\/2025\/04\/word-image-6550-5-100x42.png 100w\" sizes=\"auto, (max-width: 2530px) 100vw, 2530px\" \/><\/figure>\n\n\n\n<p><\/p>\n\n\n\n<p><strong>\u00c9tape 3 : Cliquez sur le bouton Supprimer <\/strong>\n<\/p>\n\n\n\n<ol class=\"wp-block-list\">\n<li>\u00c0 c\u00f4t\u00e9 du nom de la pr\u00e9f\u00e9rence, vous verrez une ic\u00f4ne de corbeille  <br><\/li>\n\n\n\n<li>Cliquez sur l&rsquo;ic\u00f4ne de la corbeille pour supprimer la pr\u00e9f\u00e9rence s\u00e9lectionn\u00e9e.<br><\/li>\n<\/ol>\n\n\n\n<figure class=\"wp-block-image\"><img loading=\"lazy\" decoding=\"async\" width=\"2512\" height=\"1060\" src=\"\/agile\/wp-content\/uploads\/sites\/2\/2025\/04\/word-image-6550-6.png\" alt=\"\" class=\"wp-image-6561\" srcset=\"\/agile\/wp-content\/uploads\/sites\/2\/2025\/04\/word-image-6550-6.png 2512w, \/agile\/wp-content\/uploads\/sites\/2\/2025\/04\/word-image-6550-6-300x127.png 300w, \/agile\/wp-content\/uploads\/sites\/2\/2025\/04\/word-image-6550-6-1024x432.png 1024w, \/agile\/wp-content\/uploads\/sites\/2\/2025\/04\/word-image-6550-6-768x324.png 768w, \/agile\/wp-content\/uploads\/sites\/2\/2025\/04\/word-image-6550-6-50x21.png 50w, \/agile\/wp-content\/uploads\/sites\/2\/2025\/04\/word-image-6550-6-1536x648.png 1536w, \/agile\/wp-content\/uploads\/sites\/2\/2025\/04\/word-image-6550-6-2048x864.png 2048w, \/agile\/wp-content\/uploads\/sites\/2\/2025\/04\/word-image-6550-6-60x25.png 60w, \/agile\/wp-content\/uploads\/sites\/2\/2025\/04\/word-image-6550-6-100x42.png 100w\" sizes=\"auto, (max-width: 2512px) 100vw, 2512px\" \/><\/figure>\n\n\n\n<p><\/p>\n\n\n\n<p><strong>\u00c9tape 4 : Confirmer la suppression <\/strong> \n<\/p>\n\n\n\n<ol class=\"wp-block-list\">\n<li>Un message de confirmation s&rsquo;affiche pour s&rsquo;assurer que vous souhaitez supprimer la pr\u00e9f\u00e9rence. <br><\/li>\n\n\n\n<li>Cliquez sur le bouton \u00ab Supprimer \u00bb pour supprimer la pr\u00e9f\u00e9rence.<br><\/li>\n<\/ol>\n\n\n\n<figure class=\"wp-block-image\"><img loading=\"lazy\" decoding=\"async\" width=\"2532\" height=\"1052\" src=\"\/agile\/wp-content\/uploads\/sites\/2\/2025\/04\/word-image-6550-7.png\" alt=\"\" class=\"wp-image-6563\" srcset=\"\/agile\/wp-content\/uploads\/sites\/2\/2025\/04\/word-image-6550-7.png 2532w, \/agile\/wp-content\/uploads\/sites\/2\/2025\/04\/word-image-6550-7-300x125.png 300w, \/agile\/wp-content\/uploads\/sites\/2\/2025\/04\/word-image-6550-7-1024x425.png 1024w, \/agile\/wp-content\/uploads\/sites\/2\/2025\/04\/word-image-6550-7-768x319.png 768w, \/agile\/wp-content\/uploads\/sites\/2\/2025\/04\/word-image-6550-7-50x21.png 50w, \/agile\/wp-content\/uploads\/sites\/2\/2025\/04\/word-image-6550-7-1536x638.png 1536w, \/agile\/wp-content\/uploads\/sites\/2\/2025\/04\/word-image-6550-7-2048x851.png 2048w, \/agile\/wp-content\/uploads\/sites\/2\/2025\/04\/word-image-6550-7-60x25.png 60w, \/agile\/wp-content\/uploads\/sites\/2\/2025\/04\/word-image-6550-7-100x42.png 100w\" sizes=\"auto, (max-width: 2532px) 100vw, 2532px\" \/><\/figure>\n\n\n\n<p><\/p>\n\n\n\n<p><strong><em>NOTE : La pr\u00e9f\u00e9rence \u00ab Original \u00bb ne peut pas \u00eatre supprim\u00e9e. Les utilisateurs peuvent la modifier mais ne peuvent pas la supprimer.<\/em><\/strong>\n<\/p>\n","protected":false},"excerpt":{"rendered":"<p>Cr\u00e9er des pr\u00e9f\u00e9rences L&rsquo;utilisateur peut cr\u00e9er et \u00e9diter des pr\u00e9f\u00e9rences pour modifier la fa\u00e7on dont les rapports sont structur\u00e9s et affich\u00e9s. \u00c9tape 1 : Acc\u00e9der \u00e0 la section relev\u00e9s \u00c9tape 2 : Acc\u00e9der \u00e0 la section Pr\u00e9f\u00e9rences \u00c9tape 3 : Personnaliser les pr\u00e9f\u00e9rences : Modifiez l&rsquo;un des param\u00e8tres suivants :&#8230;<\/p>\n","protected":false},"author":4,"comment_status":"closed","ping_status":"closed","template":"","format":"standard","meta":{"_lmt_disableupdate":"","_lmt_disable":"","footnotes":""},"ht-kb-category":[276],"ht-kb-tag":[277],"class_list":["post-6550","ht_kb","type-ht_kb","status-publish","format-standard","hentry","ht_kb_category-releves-synerion-agile-bolt","ht_kb_tag-reports-2"],"_links":{"self":[{"href":"https:\/\/help.synerion.com\/agile\/fr\/wp-json\/wp\/v2\/ht-kb\/6550","targetHints":{"allow":["GET"]}}],"collection":[{"href":"https:\/\/help.synerion.com\/agile\/fr\/wp-json\/wp\/v2\/ht-kb"}],"about":[{"href":"https:\/\/help.synerion.com\/agile\/fr\/wp-json\/wp\/v2\/types\/ht_kb"}],"author":[{"embeddable":true,"href":"https:\/\/help.synerion.com\/agile\/fr\/wp-json\/wp\/v2\/users\/4"}],"replies":[{"embeddable":true,"href":"https:\/\/help.synerion.com\/agile\/fr\/wp-json\/wp\/v2\/comments?post=6550"}],"version-history":[{"count":2,"href":"https:\/\/help.synerion.com\/agile\/fr\/wp-json\/wp\/v2\/ht-kb\/6550\/revisions"}],"predecessor-version":[{"id":6566,"href":"https:\/\/help.synerion.com\/agile\/fr\/wp-json\/wp\/v2\/ht-kb\/6550\/revisions\/6566"}],"wp:attachment":[{"href":"https:\/\/help.synerion.com\/agile\/fr\/wp-json\/wp\/v2\/media?parent=6550"}],"wp:term":[{"taxonomy":"ht_kb_category","embeddable":true,"href":"https:\/\/help.synerion.com\/agile\/fr\/wp-json\/wp\/v2\/ht-kb-category?post=6550"},{"taxonomy":"ht_kb_tag","embeddable":true,"href":"https:\/\/help.synerion.com\/agile\/fr\/wp-json\/wp\/v2\/ht-kb-tag?post=6550"}],"curies":[{"name":"wp","href":"https:\/\/api.w.org\/{rel}","templated":true}]}}