{"id":7076,"date":"2025-06-02T15:58:01","date_gmt":"2025-06-02T15:58:01","guid":{"rendered":"\/agile\/fr\/?post_type=ht_kb&#038;p=7076"},"modified":"2025-06-02T15:58:03","modified_gmt":"2025-06-02T15:58:03","slug":"creation-et-utilisation-dequipes-bolt","status":"publish","type":"ht_kb","link":"\/agile\/fr\/knowledge-base\/creation-et-utilisation-dequipes-bolt\/","title":{"rendered":"Cr\u00e9ation et utilisation d&rsquo;\u00e9quipes \u2013 Bolt"},"content":{"rendered":"\n<p>\n  Dans Synerion Agile, les \u00e9quipes peuvent \u00eatre utilis\u00e9es pour s\u00e9lectionner rapidement des groupes d&#8217;employ\u00e9s.\n<\/p>\n\n\n\n<p>\n  Cr\u00e9ation de l&rsquo;\u00e9quipe :\n<\/p>\n\n\n\n<p>\n  Afin de cr\u00e9er l&rsquo;\u00e9quipe (groupe), naviguez vers la page \u00ab Attributions de comp\u00e9tences \u00bb dans Synerion Agile.\n<\/p>\n\n\n\n<p>\n  Admin -&gt; Attributions de comp\u00e9tences\n<\/p>\n\n\n\n<p>\n  Cliquez sur \u00ab + Ajouter une comp\u00e9tence \u00bb.\n<\/p>\n\n\n\n<p><\/p>\n\n\n\n<p>\n  S\u00e9lectionnez le type de comp\u00e9tence \u201c\u00c9quipe\u201d, et entrez un nom pour votre \u00e9quipe.  Sauvegardez ensuite votre \u00e9quipe.  R\u00e9p\u00e9tez l&rsquo;op\u00e9ration si n\u00e9cessaire.\n<\/p>\n\n\n\n<figure class=\"wp-block-image\"><img loading=\"lazy\" decoding=\"async\" width=\"2464\" height=\"988\" src=\"\/agile\/wp-content\/uploads\/sites\/2\/2025\/06\/word-image-7076-1.png\" alt=\"\" class=\"wp-image-7077\" srcset=\"\/agile\/wp-content\/uploads\/sites\/2\/2025\/06\/word-image-7076-1.png 2464w, \/agile\/wp-content\/uploads\/sites\/2\/2025\/06\/word-image-7076-1-300x120.png 300w, \/agile\/wp-content\/uploads\/sites\/2\/2025\/06\/word-image-7076-1-1024x411.png 1024w, \/agile\/wp-content\/uploads\/sites\/2\/2025\/06\/word-image-7076-1-768x308.png 768w, \/agile\/wp-content\/uploads\/sites\/2\/2025\/06\/word-image-7076-1-50x20.png 50w, \/agile\/wp-content\/uploads\/sites\/2\/2025\/06\/word-image-7076-1-1536x616.png 1536w, \/agile\/wp-content\/uploads\/sites\/2\/2025\/06\/word-image-7076-1-2048x821.png 2048w, \/agile\/wp-content\/uploads\/sites\/2\/2025\/06\/word-image-7076-1-60x24.png 60w, \/agile\/wp-content\/uploads\/sites\/2\/2025\/06\/word-image-7076-1-100x40.png 100w\" sizes=\"auto, (max-width: 2464px) 100vw, 2464px\" \/><\/figure>\n\n\n\n<p><\/p>\n\n\n\n<p>\n  Ajouter des employ\u00e9s \u00e0 l&rsquo;\u00e9quipe :\n<\/p>\n\n\n\n<p>\n  Pour ajouter des employ\u00e9s \u00e0 votre \u00e9quipe nouvellement cr\u00e9\u00e9e, s\u00e9lectionnez l&rsquo;\u00e9quipe dans le menu de gauche et cliquez sur \u00ab Attribuer \u00bb :\n<\/p>\n\n\n\n<figure class=\"wp-block-image\"><img loading=\"lazy\" decoding=\"async\" width=\"2474\" height=\"998\" src=\"\/agile\/wp-content\/uploads\/sites\/2\/2025\/06\/word-image-7076-2.png\" alt=\"\" class=\"wp-image-7079\" srcset=\"\/agile\/wp-content\/uploads\/sites\/2\/2025\/06\/word-image-7076-2.png 2474w, \/agile\/wp-content\/uploads\/sites\/2\/2025\/06\/word-image-7076-2-300x121.png 300w, \/agile\/wp-content\/uploads\/sites\/2\/2025\/06\/word-image-7076-2-1024x413.png 1024w, \/agile\/wp-content\/uploads\/sites\/2\/2025\/06\/word-image-7076-2-768x310.png 768w, \/agile\/wp-content\/uploads\/sites\/2\/2025\/06\/word-image-7076-2-50x20.png 50w, \/agile\/wp-content\/uploads\/sites\/2\/2025\/06\/word-image-7076-2-1536x620.png 1536w, \/agile\/wp-content\/uploads\/sites\/2\/2025\/06\/word-image-7076-2-2048x826.png 2048w, \/agile\/wp-content\/uploads\/sites\/2\/2025\/06\/word-image-7076-2-60x24.png 60w, \/agile\/wp-content\/uploads\/sites\/2\/2025\/06\/word-image-7076-2-100x40.png 100w\" sizes=\"auto, (max-width: 2474px) 100vw, 2474px\" \/><\/figure>\n\n\n\n<p><\/p>\n\n\n\n<p>\n  La barre lat\u00e9rale &lt;Attribuer les employ\u00e9s&gt; s&rsquo;affiche.  S\u00e9lectionnez les employ\u00e9s qui feront partie de l&rsquo;\u00e9quipe que vous avez cr\u00e9\u00e9e \u00e0 l&rsquo;aide du s\u00e9lecteur d&#8217;employ\u00e9s.  Des filtres peuvent \u00eatre utilis\u00e9s pour filtrer les employ\u00e9s dans le s\u00e9lecteur d&#8217;employ\u00e9s.  Les dates de d\u00e9but et de fin sont facultatives, mais elles peuvent \u00eatre configur\u00e9es si un employ\u00e9 doit \u00eatre automatiquement ajout\u00e9 ou supprim\u00e9 de l&rsquo;\u00e9quipe \u00e0 une date sp\u00e9cifique.  Une fois que vous avez s\u00e9lectionn\u00e9 les employ\u00e9s qui feront partie de l&rsquo;\u00e9quipe, cliquez sur Confirmer l&rsquo;affectation.  Vous verrez les employ\u00e9s ajout\u00e9s \u00e0 l&rsquo;\u00e9quipe.\n<\/p>\n\n\n\n<figure class=\"wp-block-image\"><img loading=\"lazy\" decoding=\"async\" width=\"2480\" height=\"982\" src=\"\/agile\/wp-content\/uploads\/sites\/2\/2025\/06\/word-image-7076-3.png\" alt=\"\" class=\"wp-image-7081\" srcset=\"\/agile\/wp-content\/uploads\/sites\/2\/2025\/06\/word-image-7076-3.png 2480w, \/agile\/wp-content\/uploads\/sites\/2\/2025\/06\/word-image-7076-3-300x119.png 300w, \/agile\/wp-content\/uploads\/sites\/2\/2025\/06\/word-image-7076-3-1024x405.png 1024w, \/agile\/wp-content\/uploads\/sites\/2\/2025\/06\/word-image-7076-3-768x304.png 768w, \/agile\/wp-content\/uploads\/sites\/2\/2025\/06\/word-image-7076-3-50x20.png 50w, \/agile\/wp-content\/uploads\/sites\/2\/2025\/06\/word-image-7076-3-1536x608.png 1536w, \/agile\/wp-content\/uploads\/sites\/2\/2025\/06\/word-image-7076-3-2048x811.png 2048w, \/agile\/wp-content\/uploads\/sites\/2\/2025\/06\/word-image-7076-3-60x24.png 60w, \/agile\/wp-content\/uploads\/sites\/2\/2025\/06\/word-image-7076-3-100x40.png 100w\" sizes=\"auto, (max-width: 2480px) 100vw, 2480px\" \/><\/figure>\n\n\n\n<p><\/p>\n\n\n\n<p>\n  Les employ\u00e9s peuvent \u00e9galement \u00eatre retir\u00e9s de l&rsquo;\u00e9quipe \u00e0 l&rsquo;aide du bouton D\u00e9saffecter situ\u00e9 au-dessus de la fen\u00eatre Employ\u00e9s, ou en utilisant le menu Actions situ\u00e9 \u00e0 droite du nom de l&#8217;employ\u00e9.\n<\/p>\n\n\n\n<p>\n  Utiliser votre \u00e9quipe :\n<\/p>\n\n\n\n<p>\n  L&rsquo;\u00e9quipe que vous avez cr\u00e9\u00e9e peut \u00eatre utilis\u00e9e dans n&rsquo;importe quelle fen\u00eatre de s\u00e9lection des employ\u00e9s dans Synerion Agile.  Il vous suffit de cliquer sur l&rsquo;ic\u00f4ne de filtre \u00e0 droite du s\u00e9lecteur d&#8217;employ\u00e9s et de s\u00e9lectionner votre \u00e9quipe dans la liste d\u00e9roulante. Une fois l&rsquo;\u00e9quipe s\u00e9lectionn\u00e9e, seuls ces employ\u00e9s seront s\u00e9lectionn\u00e9s.\n<\/p>\n\n\n\n<figure class=\"wp-block-image\"><img loading=\"lazy\" decoding=\"async\" width=\"1214\" height=\"708\" src=\"\/agile\/wp-content\/uploads\/sites\/2\/2025\/06\/word-image-7076-4.png\" alt=\"\" class=\"wp-image-7083\" srcset=\"\/agile\/wp-content\/uploads\/sites\/2\/2025\/06\/word-image-7076-4.png 1214w, \/agile\/wp-content\/uploads\/sites\/2\/2025\/06\/word-image-7076-4-300x175.png 300w, \/agile\/wp-content\/uploads\/sites\/2\/2025\/06\/word-image-7076-4-1024x597.png 1024w, \/agile\/wp-content\/uploads\/sites\/2\/2025\/06\/word-image-7076-4-768x448.png 768w, \/agile\/wp-content\/uploads\/sites\/2\/2025\/06\/word-image-7076-4-50x29.png 50w, \/agile\/wp-content\/uploads\/sites\/2\/2025\/06\/word-image-7076-4-60x35.png 60w, \/agile\/wp-content\/uploads\/sites\/2\/2025\/06\/word-image-7076-4-100x58.png 100w\" sizes=\"auto, (max-width: 1214px) 100vw, 1214px\" \/><\/figure>\n\n\n\n<p><\/p>\n","protected":false},"excerpt":{"rendered":"<p>Dans Synerion Agile, les \u00e9quipes peuvent \u00eatre utilis\u00e9es pour s\u00e9lectionner rapidement des groupes d&#8217;employ\u00e9s. Cr\u00e9ation de l&rsquo;\u00e9quipe : Afin de cr\u00e9er l&rsquo;\u00e9quipe (groupe), naviguez vers la page \u00ab Attributions de comp\u00e9tences \u00bb dans Synerion Agile. Admin -&gt; Attributions de comp\u00e9tences Cliquez sur \u00ab + Ajouter une comp\u00e9tence \u00bb. S\u00e9lectionnez le&#8230;<\/p>\n","protected":false},"author":4,"comment_status":"closed","ping_status":"closed","template":"","format":"standard","meta":{"_lmt_disableupdate":"","_lmt_disable":"","footnotes":""},"ht-kb-category":[251],"ht-kb-tag":[216,166],"class_list":["post-7076","ht_kb","type-ht_kb","status-publish","format-standard","hentry","ht_kb_category-attribution-competences","ht_kb_tag-admin-2","ht_kb_tag-mss-2"],"_links":{"self":[{"href":"https:\/\/help.synerion.com\/agile\/fr\/wp-json\/wp\/v2\/ht-kb\/7076","targetHints":{"allow":["GET"]}}],"collection":[{"href":"https:\/\/help.synerion.com\/agile\/fr\/wp-json\/wp\/v2\/ht-kb"}],"about":[{"href":"https:\/\/help.synerion.com\/agile\/fr\/wp-json\/wp\/v2\/types\/ht_kb"}],"author":[{"embeddable":true,"href":"https:\/\/help.synerion.com\/agile\/fr\/wp-json\/wp\/v2\/users\/4"}],"replies":[{"embeddable":true,"href":"https:\/\/help.synerion.com\/agile\/fr\/wp-json\/wp\/v2\/comments?post=7076"}],"version-history":[{"count":1,"href":"https:\/\/help.synerion.com\/agile\/fr\/wp-json\/wp\/v2\/ht-kb\/7076\/revisions"}],"predecessor-version":[{"id":7085,"href":"https:\/\/help.synerion.com\/agile\/fr\/wp-json\/wp\/v2\/ht-kb\/7076\/revisions\/7085"}],"wp:attachment":[{"href":"https:\/\/help.synerion.com\/agile\/fr\/wp-json\/wp\/v2\/media?parent=7076"}],"wp:term":[{"taxonomy":"ht_kb_category","embeddable":true,"href":"https:\/\/help.synerion.com\/agile\/fr\/wp-json\/wp\/v2\/ht-kb-category?post=7076"},{"taxonomy":"ht_kb_tag","embeddable":true,"href":"https:\/\/help.synerion.com\/agile\/fr\/wp-json\/wp\/v2\/ht-kb-tag?post=7076"}],"curies":[{"name":"wp","href":"https:\/\/api.w.org\/{rel}","templated":true}]}}