{"id":7366,"date":"2025-08-08T15:45:58","date_gmt":"2025-08-08T15:45:58","guid":{"rendered":"\/agile\/fr\/?post_type=ht_kb&#038;p=7366"},"modified":"2025-08-08T15:46:10","modified_gmt":"2025-08-08T15:46:10","slug":"portail-dimplantation-express_admin-gerer-les-equipes","status":"publish","type":"ht_kb","link":"\/agile\/fr\/knowledge-base\/portail-dimplantation-express_admin-gerer-les-equipes\/","title":{"rendered":"Portail d&rsquo;implantation Express_Admin- G\u00e9rer les \u00e9quipes"},"content":{"rendered":"\n<p><\/p>\n\n\n\n<p>\n  T Cette page permet \u00e0 l&rsquo;utilisateur de cr\u00e9er des qualifications et d&rsquo;affecter\/d\u00e9saffecter les employ\u00e9s \u00e0 des groupes de qualifications.\n<\/p>\n\n\n\n<p><\/p>\n\n\n\n<p>\n  L&rsquo;utilisateur peut cr\u00e9er diff\u00e9rents types de qualifications et affecter plusieurs employ\u00e9s, services ou \u00e9quipes \u00e0 une seule qualification.\n<\/p>\n\n\n\n<p><\/p>\n\n\n\n<h4 class=\"wp-block-heading\"><em>Ajouter une comp\u00e9tence<\/em><\/h4>\n\n\n\n<p><\/p>\n\n\n\n<p>\n  Cliquez sur le bouton \u00ab + Ajouter une comp\u00e9tence \u00bb.\n  <br>\n   \n  <img loading=\"lazy\" decoding=\"async\" width=\"2446\" height=\"1138\" src=\"\/agile\/wp-content\/uploads\/sites\/2\/2025\/08\/word-image-7366-1.png\" class=\"wp-image-7367\" srcset=\"\/agile\/wp-content\/uploads\/sites\/2\/2025\/08\/word-image-7366-1.png 2446w, \/agile\/wp-content\/uploads\/sites\/2\/2025\/08\/word-image-7366-1-300x140.png 300w, \/agile\/wp-content\/uploads\/sites\/2\/2025\/08\/word-image-7366-1-1024x476.png 1024w, \/agile\/wp-content\/uploads\/sites\/2\/2025\/08\/word-image-7366-1-768x357.png 768w, \/agile\/wp-content\/uploads\/sites\/2\/2025\/08\/word-image-7366-1-50x23.png 50w, \/agile\/wp-content\/uploads\/sites\/2\/2025\/08\/word-image-7366-1-1536x715.png 1536w, \/agile\/wp-content\/uploads\/sites\/2\/2025\/08\/word-image-7366-1-2048x953.png 2048w, \/agile\/wp-content\/uploads\/sites\/2\/2025\/08\/word-image-7366-1-60x28.png 60w, \/agile\/wp-content\/uploads\/sites\/2\/2025\/08\/word-image-7366-1-100x47.png 100w\" sizes=\"auto, (max-width: 2446px) 100vw, 2446px\" \/>\n<\/p>\n\n\n\n<p>\n  Dans la fen\u00eatre contextuelle, s\u00e9lectionnez le type de qualification dans le menu d\u00e9roulant et indiquez un nom.\n<\/p>\n\n\n\n<figure class=\"wp-block-image\"><img loading=\"lazy\" decoding=\"async\" width=\"2452\" height=\"1126\" src=\"\/agile\/wp-content\/uploads\/sites\/2\/2025\/08\/word-image-7366-2.png\" alt=\"\" class=\"wp-image-7369\" srcset=\"\/agile\/wp-content\/uploads\/sites\/2\/2025\/08\/word-image-7366-2.png 2452w, \/agile\/wp-content\/uploads\/sites\/2\/2025\/08\/word-image-7366-2-300x138.png 300w, \/agile\/wp-content\/uploads\/sites\/2\/2025\/08\/word-image-7366-2-1024x470.png 1024w, \/agile\/wp-content\/uploads\/sites\/2\/2025\/08\/word-image-7366-2-768x353.png 768w, \/agile\/wp-content\/uploads\/sites\/2\/2025\/08\/word-image-7366-2-50x23.png 50w, \/agile\/wp-content\/uploads\/sites\/2\/2025\/08\/word-image-7366-2-1536x705.png 1536w, \/agile\/wp-content\/uploads\/sites\/2\/2025\/08\/word-image-7366-2-2048x940.png 2048w, \/agile\/wp-content\/uploads\/sites\/2\/2025\/08\/word-image-7366-2-60x28.png 60w, \/agile\/wp-content\/uploads\/sites\/2\/2025\/08\/word-image-7366-2-100x46.png 100w\" sizes=\"auto, (max-width: 2452px) 100vw, 2452px\" \/><\/figure>\n\n\n\n<p>\n  <br>\n   \n  \n<\/p>\n\n\n\n<p>\n  Cliquez sur \u00ab Enregistrer \u00bb\n<\/p>\n\n\n\n<h4 class=\"wp-block-heading\"><em>Attribution des employ\u00e9s<\/em><\/h4>\n\n\n\n<p>\n  Une fois la qualification cr\u00e9\u00e9e, l&rsquo;utilisateur peut affecter un ou plusieurs employ\u00e9s, services ou \u00e9quipes.    \n<\/p>\n\n\n\n<p><\/p>\n\n\n\n<p>\n  Pour attribuer les employ\u00e9s,\n<\/p>\n\n\n\n<p><\/p>\n\n\n\n<ol class=\"wp-block-list\">\n<li>Acc\u00e9dez au menu \u00ab G\u00e9rer les \u00e9quipes \u00bb dans la section \u00ab Admin \u00bb du portail de mise en \u0153uvre Express. <br><\/li>\n\n\n\n<li>S\u00e9lectionnez la qualification que l&rsquo;utilisateur souhaite attribuer aux employ\u00e9s pour afficher la grille des employ\u00e9s sur le c\u00f4t\u00e9 droit de l&rsquo;\u00e9cran. <\/li>\n\n\n\n<li>Cliquez sur le bouton \u00ab Attribuer \u00bb situ\u00e9 dans le coin sup\u00e9rieur droit de la grille des employ\u00e9s. <\/li>\n<\/ol>\n\n\n\n<figure class=\"wp-block-image\"><img loading=\"lazy\" decoding=\"async\" width=\"2422\" height=\"1138\" src=\"\/agile\/wp-content\/uploads\/sites\/2\/2025\/08\/word-image-7366-3.png\" alt=\"\" class=\"wp-image-7371\" srcset=\"\/agile\/wp-content\/uploads\/sites\/2\/2025\/08\/word-image-7366-3.png 2422w, \/agile\/wp-content\/uploads\/sites\/2\/2025\/08\/word-image-7366-3-300x141.png 300w, \/agile\/wp-content\/uploads\/sites\/2\/2025\/08\/word-image-7366-3-1024x481.png 1024w, \/agile\/wp-content\/uploads\/sites\/2\/2025\/08\/word-image-7366-3-768x361.png 768w, \/agile\/wp-content\/uploads\/sites\/2\/2025\/08\/word-image-7366-3-50x23.png 50w, \/agile\/wp-content\/uploads\/sites\/2\/2025\/08\/word-image-7366-3-1536x722.png 1536w, \/agile\/wp-content\/uploads\/sites\/2\/2025\/08\/word-image-7366-3-2048x962.png 2048w, \/agile\/wp-content\/uploads\/sites\/2\/2025\/08\/word-image-7366-3-60x28.png 60w, \/agile\/wp-content\/uploads\/sites\/2\/2025\/08\/word-image-7366-3-100x47.png 100w\" sizes=\"auto, (max-width: 2422px) 100vw, 2422px\" \/><\/figure>\n\n\n\n<p><\/p>\n\n\n\n<p>4. Un menu lat\u00e9ral s&rsquo;ouvrira, dans lequel l&rsquo;utilisateur pourra s\u00e9lectionner des personnes, des services ou des \u00e9quipes auxquels attribuer une qualification. Les dates de d\u00e9but et de fin sont facultatives.<br>  <br><br>5. Une fois les employ\u00e9s s\u00e9lectionn\u00e9s, le bouton \u00ab Confirmer attribution \u00bb est activ\u00e9 <br><\/p>\n\n\n\n<p>\n   6. Cliquer sur \u00ab Confirmer attribution \u00bb attribuera les employ\u00e9s \u00e0 une qualification. Un message de confirmation s&rsquo;affiche et la grille des employ\u00e9s est actualis\u00e9e avec la liste des employ\u00e9s attribu\u00e9s \n<\/p>\n\n\n\n<figure class=\"wp-block-image\"><img loading=\"lazy\" decoding=\"async\" width=\"2462\" height=\"1136\" src=\"\/agile\/wp-content\/uploads\/sites\/2\/2025\/08\/word-image-7366-4.png\" alt=\"\" class=\"wp-image-7373\" srcset=\"\/agile\/wp-content\/uploads\/sites\/2\/2025\/08\/word-image-7366-4.png 2462w, \/agile\/wp-content\/uploads\/sites\/2\/2025\/08\/word-image-7366-4-300x138.png 300w, \/agile\/wp-content\/uploads\/sites\/2\/2025\/08\/word-image-7366-4-1024x472.png 1024w, \/agile\/wp-content\/uploads\/sites\/2\/2025\/08\/word-image-7366-4-768x354.png 768w, \/agile\/wp-content\/uploads\/sites\/2\/2025\/08\/word-image-7366-4-50x23.png 50w, \/agile\/wp-content\/uploads\/sites\/2\/2025\/08\/word-image-7366-4-1536x709.png 1536w, \/agile\/wp-content\/uploads\/sites\/2\/2025\/08\/word-image-7366-4-2048x945.png 2048w, \/agile\/wp-content\/uploads\/sites\/2\/2025\/08\/word-image-7366-4-60x28.png 60w, \/agile\/wp-content\/uploads\/sites\/2\/2025\/08\/word-image-7366-4-100x46.png 100w\" sizes=\"auto, (max-width: 2462px) 100vw, 2462px\" \/><\/figure>\n\n\n\n<p><\/p>\n\n\n\n<p><\/p>\n\n\n\n<p><strong><em>NOTE: <\/em><\/strong>\n<\/p>\n\n\n\n<p><strong><em>L&rsquo;utilisateur peut attribuer une qualification \u00e0 un service, une \u00e9quipe ou une personne sp\u00e9cifique.<\/em><\/strong>\n<\/p>\n\n\n\n<p><strong><em>Les dates de d\u00e9but et de fin sont facultatives. Cependant, si l&rsquo;utilisateur a fourni l&rsquo;une de ces dates, il doit \u00e9galement fournir l&rsquo;autre date.<\/em><\/strong>\n<\/p>\n\n\n\n<p><\/p>\n\n\n\n<h4 class=\"wp-block-heading\"><em>Revoquer un ou plusieurs employ\u00e9s<\/em><\/h4>\n\n\n\n<p>\n  L&rsquo;utilisateur peut revoquer des employ\u00e9s de deux mani\u00e8res : individuellement ou collectivement.\n<\/p>\n\n\n\n<h5 class=\"wp-block-heading\">Supprimer\/revoquerer un employ\u00e9 individuel<\/h5>\n\n\n\n<ol class=\"wp-block-list\">\n<li>Acc\u00e9dez au menu \u00ab G\u00e9rer les \u00e9quipes \u00bb dans la section \u00ab Admin \u00bb du portail de impl\u00e9mentation Express.  <br><\/li>\n\n\n\n<li>S\u00e9lectionnez la qualification que l&rsquo;utilisateur souhaite supprimer pour les employ\u00e9s. La grille des employ\u00e9s s&rsquo;affichera alors sur le c\u00f4t\u00e9 droit de l&rsquo;\u00e9cran.  <br><\/li>\n\n\n\n<li>Dans la colonne \u00ab Actions \u00bb, cliquez sur l&rsquo;ic\u00f4ne \u00e0 trois points (&#8230;) \u00e0 c\u00f4t\u00e9 du nom de l&#8217;employ\u00e9 (pour l&#8217;employ\u00e9 que l&rsquo;utilisateur souhaite supprimer).  <br><\/li>\n\n\n\n<li>Cliquez sur l&rsquo;option \u00ab Supprimer \u00bb.  Un message de confirmation s&rsquo;affichera et l&#8217;employ\u00e9 sera supprim\u00e9 de la liste.<br><\/li>\n<\/ol>\n\n\n\n<p>\n  <br>\n   \n<\/p>\n\n\n\n<figure class=\"wp-block-image\"><img loading=\"lazy\" decoding=\"async\" width=\"2432\" height=\"1134\" src=\"\/agile\/wp-content\/uploads\/sites\/2\/2025\/08\/word-image-7366-5.png\" alt=\"\" class=\"wp-image-7375\" srcset=\"\/agile\/wp-content\/uploads\/sites\/2\/2025\/08\/word-image-7366-5.png 2432w, \/agile\/wp-content\/uploads\/sites\/2\/2025\/08\/word-image-7366-5-300x140.png 300w, \/agile\/wp-content\/uploads\/sites\/2\/2025\/08\/word-image-7366-5-1024x477.png 1024w, \/agile\/wp-content\/uploads\/sites\/2\/2025\/08\/word-image-7366-5-768x358.png 768w, \/agile\/wp-content\/uploads\/sites\/2\/2025\/08\/word-image-7366-5-50x23.png 50w, \/agile\/wp-content\/uploads\/sites\/2\/2025\/08\/word-image-7366-5-1536x716.png 1536w, \/agile\/wp-content\/uploads\/sites\/2\/2025\/08\/word-image-7366-5-2048x955.png 2048w, \/agile\/wp-content\/uploads\/sites\/2\/2025\/08\/word-image-7366-5-60x28.png 60w, \/agile\/wp-content\/uploads\/sites\/2\/2025\/08\/word-image-7366-5-100x47.png 100w\" sizes=\"auto, (max-width: 2432px) 100vw, 2432px\" \/><\/figure>\n\n\n\n<p><\/p>\n\n\n\n<h5 class=\"wp-block-heading\">Revoquer plusieurs employ\u00e9s<\/h5>\n\n\n\n<p><\/p>\n\n\n\n<ol class=\"wp-block-list\">\n<li>Acc\u00e9dez au menu \u00ab G\u00e9rer les \u00e9quipes \u00bb dans la section \u00ab Admin \u00bb du portail de impl\u00e9mentation Express.<br><\/li>\n\n\n\n<li>En s\u00e9lectionnant l&rsquo;utilisateur \u00ab Qualification \u00bb que vous souhaitez d\u00e9saffecter, la grille des employ\u00e9s s&rsquo;affichera sur le c\u00f4t\u00e9 droit de l&rsquo;\u00e9cran.<br><\/li>\n\n\n\n<li>Cliquez sur le bouton \u00ab Revoquer \u00bb. <br><\/li>\n<\/ol>\n\n\n\n<figure class=\"wp-block-image\"><img loading=\"lazy\" decoding=\"async\" width=\"2442\" height=\"1122\" src=\"\/agile\/wp-content\/uploads\/sites\/2\/2025\/08\/word-image-7366-6.png\" alt=\"\" class=\"wp-image-7377\" srcset=\"\/agile\/wp-content\/uploads\/sites\/2\/2025\/08\/word-image-7366-6.png 2442w, \/agile\/wp-content\/uploads\/sites\/2\/2025\/08\/word-image-7366-6-300x138.png 300w, \/agile\/wp-content\/uploads\/sites\/2\/2025\/08\/word-image-7366-6-1024x470.png 1024w, \/agile\/wp-content\/uploads\/sites\/2\/2025\/08\/word-image-7366-6-768x353.png 768w, \/agile\/wp-content\/uploads\/sites\/2\/2025\/08\/word-image-7366-6-50x23.png 50w, \/agile\/wp-content\/uploads\/sites\/2\/2025\/08\/word-image-7366-6-1536x706.png 1536w, \/agile\/wp-content\/uploads\/sites\/2\/2025\/08\/word-image-7366-6-2048x941.png 2048w, \/agile\/wp-content\/uploads\/sites\/2\/2025\/08\/word-image-7366-6-60x28.png 60w, \/agile\/wp-content\/uploads\/sites\/2\/2025\/08\/word-image-7366-6-100x46.png 100w\" sizes=\"auto, (max-width: 2442px) 100vw, 2442px\" \/><\/figure>\n\n\n\n<p><\/p>\n\n\n\n<p>4. Cliquez sur \u00ab R\u00e9voquer \u00bb pour afficher les cases \u00e0 cocher suivies du nom de l&#8217;employ\u00e9 et des boutons \u00ab Annuler \u00bb et \u00ab Confirmer la r\u00e9voquation \u00bb. <\/p>\n\n\n\n<p>5. Cochez les cases correspondant aux employ\u00e9s que vous souhaitez d\u00e9saffecter.<br><\/p>\n\n\n\n<p>6. Une fois qu&rsquo;une ou plusieurs cases sont coch\u00e9es, le bouton \u00ab Confirmer la d\u00e9sraffectation \u00bb sera activ\u00e9.<br><\/p>\n\n\n\n<p>7. Lorsque vous cliquez sur le bouton \u00ab Confirmer la r\u00e9voquation \u00bb, un message de confirmation s&rsquo;affiche, la grille est actualis\u00e9e et les employ\u00e9s d\u00e9saffect\u00e9s sont supprim\u00e9s de la grille des employ\u00e9s.<br><\/p>\n\n\n\n<ol class=\"wp-block-list\"><\/ol>\n\n\n\n<p><\/p>\n\n\n\n<figure class=\"wp-block-image\"><img loading=\"lazy\" decoding=\"async\" width=\"2446\" height=\"1134\" src=\"\/agile\/wp-content\/uploads\/sites\/2\/2025\/08\/word-image-7366-7.png\" alt=\"\" class=\"wp-image-7379\" srcset=\"\/agile\/wp-content\/uploads\/sites\/2\/2025\/08\/word-image-7366-7.png 2446w, \/agile\/wp-content\/uploads\/sites\/2\/2025\/08\/word-image-7366-7-300x139.png 300w, \/agile\/wp-content\/uploads\/sites\/2\/2025\/08\/word-image-7366-7-1024x475.png 1024w, \/agile\/wp-content\/uploads\/sites\/2\/2025\/08\/word-image-7366-7-768x356.png 768w, \/agile\/wp-content\/uploads\/sites\/2\/2025\/08\/word-image-7366-7-50x23.png 50w, \/agile\/wp-content\/uploads\/sites\/2\/2025\/08\/word-image-7366-7-1536x712.png 1536w, \/agile\/wp-content\/uploads\/sites\/2\/2025\/08\/word-image-7366-7-2048x949.png 2048w, \/agile\/wp-content\/uploads\/sites\/2\/2025\/08\/word-image-7366-7-60x28.png 60w, \/agile\/wp-content\/uploads\/sites\/2\/2025\/08\/word-image-7366-7-100x46.png 100w\" sizes=\"auto, (max-width: 2446px) 100vw, 2446px\" \/><\/figure>\n\n\n\n<h4 class=\"wp-block-heading\"><em>Afficher le classement<\/em><\/h4>\n\n\n\n<p><\/p>\n\n\n\n<p>\n  L&rsquo;option \u00ab Afficher le classement \u00bb permet \u00e0 l&rsquo;utilisateur de voir le classement des employ\u00e9s. Cette option est d\u00e9sactiv\u00e9e et la colonne \u00ab Classement \u00bb est masqu\u00e9e par d\u00e9faut pour les types de qualification autres que l&rsquo;anciennet\u00e9. \n<\/p>\n\n\n\n<p><\/p>\n\n\n\n<p>\n  Si l&rsquo;utilisateur s\u00e9lectionne le type de qualification \u00ab Anciennet\u00e9 \u00bb, cette option sera activ\u00e9e par d\u00e9faut et affichera la colonne Rang, tri\u00e9e par ordre croissant, sous la grille Employ\u00e9. L&rsquo;utilisateur peut toutefois activer ou d\u00e9sactiver cette option pour tout type de qualification. L&rsquo;utilisateur peut \u00e9galement trier la colonne Rang par ordre croissant ou d\u00e9croissant.\n<\/p>\n\n\n\n<p><\/p>\n\n\n\n<figure class=\"wp-block-image\"><img loading=\"lazy\" decoding=\"async\" width=\"2420\" height=\"1150\" src=\"\/agile\/wp-content\/uploads\/sites\/2\/2025\/08\/word-image-7366-8.png\" alt=\"\" class=\"wp-image-7381\" srcset=\"\/agile\/wp-content\/uploads\/sites\/2\/2025\/08\/word-image-7366-8.png 2420w, \/agile\/wp-content\/uploads\/sites\/2\/2025\/08\/word-image-7366-8-300x143.png 300w, \/agile\/wp-content\/uploads\/sites\/2\/2025\/08\/word-image-7366-8-1024x487.png 1024w, \/agile\/wp-content\/uploads\/sites\/2\/2025\/08\/word-image-7366-8-768x365.png 768w, \/agile\/wp-content\/uploads\/sites\/2\/2025\/08\/word-image-7366-8-50x24.png 50w, \/agile\/wp-content\/uploads\/sites\/2\/2025\/08\/word-image-7366-8-1536x730.png 1536w, \/agile\/wp-content\/uploads\/sites\/2\/2025\/08\/word-image-7366-8-2048x973.png 2048w, \/agile\/wp-content\/uploads\/sites\/2\/2025\/08\/word-image-7366-8-60x29.png 60w, \/agile\/wp-content\/uploads\/sites\/2\/2025\/08\/word-image-7366-8-100x48.png 100w\" sizes=\"auto, (max-width: 2420px) 100vw, 2420px\" \/><\/figure>\n\n\n\n<p><\/p>\n","protected":false},"excerpt":{"rendered":"<p>T Cette page permet \u00e0 l&rsquo;utilisateur de cr\u00e9er des qualifications et d&rsquo;affecter\/d\u00e9saffecter les employ\u00e9s \u00e0 des groupes de qualifications. L&rsquo;utilisateur peut cr\u00e9er diff\u00e9rents types de qualifications et affecter plusieurs employ\u00e9s, services ou \u00e9quipes \u00e0 une seule qualification. Ajouter une comp\u00e9tence Cliquez sur le bouton \u00ab + Ajouter une comp\u00e9tence \u00bb&#8230;.<\/p>\n","protected":false},"author":4,"comment_status":"closed","ping_status":"closed","template":"","format":"standard","meta":{"_lmt_disableupdate":"","_lmt_disable":"","footnotes":""},"ht-kb-category":[283],"ht-kb-tag":[],"class_list":["post-7366","ht_kb","type-ht_kb","status-publish","format-standard","hentry","ht_kb_category-portail-dimplantation-express"],"_links":{"self":[{"href":"https:\/\/help.synerion.com\/agile\/fr\/wp-json\/wp\/v2\/ht-kb\/7366","targetHints":{"allow":["GET"]}}],"collection":[{"href":"https:\/\/help.synerion.com\/agile\/fr\/wp-json\/wp\/v2\/ht-kb"}],"about":[{"href":"https:\/\/help.synerion.com\/agile\/fr\/wp-json\/wp\/v2\/types\/ht_kb"}],"author":[{"embeddable":true,"href":"https:\/\/help.synerion.com\/agile\/fr\/wp-json\/wp\/v2\/users\/4"}],"replies":[{"embeddable":true,"href":"https:\/\/help.synerion.com\/agile\/fr\/wp-json\/wp\/v2\/comments?post=7366"}],"version-history":[{"count":1,"href":"https:\/\/help.synerion.com\/agile\/fr\/wp-json\/wp\/v2\/ht-kb\/7366\/revisions"}],"predecessor-version":[{"id":7383,"href":"https:\/\/help.synerion.com\/agile\/fr\/wp-json\/wp\/v2\/ht-kb\/7366\/revisions\/7383"}],"wp:attachment":[{"href":"https:\/\/help.synerion.com\/agile\/fr\/wp-json\/wp\/v2\/media?parent=7366"}],"wp:term":[{"taxonomy":"ht_kb_category","embeddable":true,"href":"https:\/\/help.synerion.com\/agile\/fr\/wp-json\/wp\/v2\/ht-kb-category?post=7366"},{"taxonomy":"ht_kb_tag","embeddable":true,"href":"https:\/\/help.synerion.com\/agile\/fr\/wp-json\/wp\/v2\/ht-kb-tag?post=7366"}],"curies":[{"name":"wp","href":"https:\/\/api.w.org\/{rel}","templated":true}]}}