{"id":7384,"date":"2025-08-08T16:22:48","date_gmt":"2025-08-08T16:22:48","guid":{"rendered":"\/agile\/fr\/?post_type=ht_kb&#038;p=7384"},"modified":"2025-08-08T16:23:04","modified_gmt":"2025-08-08T16:23:04","slug":"portail-dimplantation-express_admin-groupes-de-categorie-de-temps","status":"publish","type":"ht_kb","link":"\/agile\/fr\/knowledge-base\/portail-dimplantation-express_admin-groupes-de-categorie-de-temps\/","title":{"rendered":"Portail d&rsquo;implantation Express_Admin-Groupes de cat\u00e9gorie de temps"},"content":{"rendered":"\n<p><\/p>\n\n\n\n<p>\n  Il s&rsquo;agit de la derni\u00e8re page du portail de impl\u00e9mentation express. Cette page permet \u00e0 l&rsquo;utilisateur de cr\u00e9er des groupes de cat\u00e9gories horaires et d&rsquo;attribuer des cat\u00e9gories horaires en fonction de la langue s\u00e9lectionn\u00e9e.\n<\/p>\n\n\n\n<p><\/p>\n\n\n\n<p>\n  Langues prises en charge : l&rsquo;utilisateur peut cr\u00e9er des groupes de cat\u00e9gories horaires pour 3 langues : anglais, fran\u00e7ais et espagnol.\n<\/p>\n\n\n\n<p><\/p>\n\n\n\n<h4 class=\"wp-block-heading\"><em>Ajouter un groupe de cat\u00e9gories de temps<\/em><\/h4>\n\n\n\n<ol class=\"wp-block-list\">\n<li><br>  Acc\u00e9dez au menu du groupe Cat\u00e9gories de temps dans la section Admin du portail de impl\u00e9mentation Express. <br><\/li>\n\n\n\n<li><br>  S\u00e9lectionnez la langue si l&rsquo;utilisateur souhaite cr\u00e9er un groupe de cat\u00e9gories de temps pour une langue autre que l&rsquo;anglais. Par d\u00e9faut, le syst\u00e8me affiche la langue \u00ab Anglais \u00bb comme s\u00e9lectionn\u00e9e. <br><\/li>\n\n\n\n<li><br>  Cliquez sur le bouton \u00ab + Ajouter un groupe \u00bb pour cr\u00e9er une ligne modifiable au bas de la liste des groupes de cat\u00e9gories de temps.  <br><\/li>\n<\/ol>\n\n\n\n<figure class=\"wp-block-image\"><img loading=\"lazy\" decoding=\"async\" width=\"2440\" height=\"1150\" src=\"\/agile\/wp-content\/uploads\/sites\/2\/2025\/08\/word-image-7384-1.png\" alt=\"\" class=\"wp-image-7385\" srcset=\"\/agile\/wp-content\/uploads\/sites\/2\/2025\/08\/word-image-7384-1.png 2440w, \/agile\/wp-content\/uploads\/sites\/2\/2025\/08\/word-image-7384-1-300x141.png 300w, \/agile\/wp-content\/uploads\/sites\/2\/2025\/08\/word-image-7384-1-1024x483.png 1024w, \/agile\/wp-content\/uploads\/sites\/2\/2025\/08\/word-image-7384-1-768x362.png 768w, \/agile\/wp-content\/uploads\/sites\/2\/2025\/08\/word-image-7384-1-50x24.png 50w, \/agile\/wp-content\/uploads\/sites\/2\/2025\/08\/word-image-7384-1-1536x724.png 1536w, \/agile\/wp-content\/uploads\/sites\/2\/2025\/08\/word-image-7384-1-2048x965.png 2048w, \/agile\/wp-content\/uploads\/sites\/2\/2025\/08\/word-image-7384-1-60x28.png 60w, \/agile\/wp-content\/uploads\/sites\/2\/2025\/08\/word-image-7384-1-100x47.png 100w\" sizes=\"auto, (max-width: 2440px) 100vw, 2440px\" \/><\/figure>\n\n\n\n<p><\/p>\n\n\n\n<ol class=\"wp-block-list\">\n<li><br>  Entrez le nom du groupe de cat\u00e9gories de temps et cliquez sur \u00ab Enregistrer \u00bb<br><\/li>\n\n\n\n<li><br>  Apr\u00e8s avoir cr\u00e9\u00e9 un groupe de cat\u00e9gories de temps, les utilisateurs peuvent attribuer des cat\u00e9gories de temps en cochant les cases affich\u00e9es \u00e0 droite.<br><\/li>\n\n\n\n<li><br>  Cliquez sur \u00ab Enregistrer les modifications \u00bb<br><\/li>\n<\/ol>\n\n\n\n<figure class=\"wp-block-image\"><img loading=\"lazy\" decoding=\"async\" width=\"2436\" height=\"1128\" src=\"\/agile\/wp-content\/uploads\/sites\/2\/2025\/08\/word-image-7384-2.png\" alt=\"\" class=\"wp-image-7387\" srcset=\"\/agile\/wp-content\/uploads\/sites\/2\/2025\/08\/word-image-7384-2.png 2436w, \/agile\/wp-content\/uploads\/sites\/2\/2025\/08\/word-image-7384-2-300x139.png 300w, \/agile\/wp-content\/uploads\/sites\/2\/2025\/08\/word-image-7384-2-1024x474.png 1024w, \/agile\/wp-content\/uploads\/sites\/2\/2025\/08\/word-image-7384-2-768x356.png 768w, \/agile\/wp-content\/uploads\/sites\/2\/2025\/08\/word-image-7384-2-50x23.png 50w, \/agile\/wp-content\/uploads\/sites\/2\/2025\/08\/word-image-7384-2-1536x711.png 1536w, \/agile\/wp-content\/uploads\/sites\/2\/2025\/08\/word-image-7384-2-2048x948.png 2048w, \/agile\/wp-content\/uploads\/sites\/2\/2025\/08\/word-image-7384-2-60x28.png 60w, \/agile\/wp-content\/uploads\/sites\/2\/2025\/08\/word-image-7384-2-100x46.png 100w\" sizes=\"auto, (max-width: 2436px) 100vw, 2436px\" \/><\/figure>\n\n\n\n<p><\/p>\n\n\n\n<p><\/p>\n\n\n\n<h4 class=\"wp-block-heading\"><em>Modifier\/Masquer\/Supprimer la cat\u00e9gorie Temps du groupe<\/em><\/h4>\n\n\n\n<p><\/p>\n\n\n\n<ol class=\"wp-block-list\">\n<li><br>  Acc\u00e9dez au menu du groupe Cat\u00e9gories de temps dans la section Admin du portail de impl\u00e9mentation Express.<br><\/li>\n\n\n\n<li><br>  Cliquez sur l&rsquo;ic\u00f4ne \u00e0 trois points qui appara\u00eet sous la colonne Actions pour le groupe de cat\u00e9gories de temps que l&rsquo;utilisateur souhaite modifier\/supprimer\/masquer.<br><\/li>\n<\/ol>\n\n\n\n<p><\/p>\n\n\n\n<ol class=\"wp-block-list\">\n<li><br>  S\u00e9lectionnez les options dans le menu contextuel en fonction de l&rsquo;action que l&rsquo;utilisateur souhaite effectuer.<br><\/li>\n<\/ol>\n\n\n\n<figure class=\"wp-block-image\"><img loading=\"lazy\" decoding=\"async\" width=\"2450\" height=\"1118\" src=\"\/agile\/wp-content\/uploads\/sites\/2\/2025\/08\/word-image-7384-3.png\" alt=\"\" class=\"wp-image-7389\" srcset=\"\/agile\/wp-content\/uploads\/sites\/2\/2025\/08\/word-image-7384-3.png 2450w, \/agile\/wp-content\/uploads\/sites\/2\/2025\/08\/word-image-7384-3-300x137.png 300w, \/agile\/wp-content\/uploads\/sites\/2\/2025\/08\/word-image-7384-3-1024x467.png 1024w, \/agile\/wp-content\/uploads\/sites\/2\/2025\/08\/word-image-7384-3-768x350.png 768w, \/agile\/wp-content\/uploads\/sites\/2\/2025\/08\/word-image-7384-3-50x23.png 50w, \/agile\/wp-content\/uploads\/sites\/2\/2025\/08\/word-image-7384-3-1536x701.png 1536w, \/agile\/wp-content\/uploads\/sites\/2\/2025\/08\/word-image-7384-3-2048x935.png 2048w, \/agile\/wp-content\/uploads\/sites\/2\/2025\/08\/word-image-7384-3-60x27.png 60w, \/agile\/wp-content\/uploads\/sites\/2\/2025\/08\/word-image-7384-3-100x46.png 100w\" sizes=\"auto, (max-width: 2450px) 100vw, 2450px\" \/><\/figure>\n\n\n\n<p><\/p>\n\n\n\n<p><\/p>\n\n\n\n<p><strong><em>Note: Pour le groupe de cat\u00e9gories de temps masqu\u00e9, l&rsquo;option \u00ab Masquer \u00bb devient \u00ab Afficher \u00bb afin que l&rsquo;utilisateur puisse afficher le groupe de cat\u00e9gories de temps masqu\u00e9.<\/em><\/strong>\n<\/p>\n\n\n\n<p><strong>Modifier : <\/strong>L&rsquo;option Modifier permet \u00e0 l&rsquo;utilisateur de modifier le nom du groupe de cat\u00e9gories de temps. Cependant, pour modifier les cat\u00e9gories de temps s\u00e9lectionn\u00e9es, l&rsquo;utilisateur doit s\u00e9lectionner le groupe de cat\u00e9gories de temps, puis cocher\/d\u00e9cocher les cat\u00e9gories de temps.  \n<\/p>\n\n\n\n<p><\/p>\n\n\n\n<p><strong>Supprimer :<\/strong> L&rsquo;option Supprimer permet \u00e0 l&rsquo;utilisateur de supprimer le groupe de cat\u00e9gories de temps. L&rsquo;utilisateur obtiendra une erreur lors de la suppression si le groupe de cat\u00e9gories de temps est utilis\u00e9 par le syst\u00e8me. \n<\/p>\n\n\n\n<p><\/p>\n\n\n\n<p><strong>Masquer :<\/strong> Cette option permet \u00e0 l&rsquo;utilisateur de masquer la cat\u00e9gorie de temps dans le syst\u00e8me. Une fois masqu\u00e9e, elle n&rsquo;appara\u00eetra plus dans la s\u00e9lection des cat\u00e9gories de temps. L&rsquo;utilisateur peut afficher \u00e0 nouveau le groupe de cat\u00e9gories de temps \u00e0 tout moment en cliquant sur \u00ab Afficher \u00bb.\n<\/p>\n\n\n\n<p><strong>Cliquez sur \u00ab Section suivante \u00bb pour acc\u00e9der \u00e0 la derni\u00e8re \u00e9tape du portail de mise en \u0153uvre express : Contacts d&rsquo;assistance.<\/strong>\n<\/p>\n","protected":false},"excerpt":{"rendered":"<p>Il s&rsquo;agit de la derni\u00e8re page du portail de impl\u00e9mentation express. Cette page permet \u00e0 l&rsquo;utilisateur de cr\u00e9er des groupes de cat\u00e9gories horaires et d&rsquo;attribuer des cat\u00e9gories horaires en fonction de la langue s\u00e9lectionn\u00e9e. Langues prises en charge : l&rsquo;utilisateur peut cr\u00e9er des groupes de cat\u00e9gories horaires pour 3 langues&#8230;<\/p>\n","protected":false},"author":4,"comment_status":"closed","ping_status":"closed","template":"","format":"standard","meta":{"_lmt_disableupdate":"","_lmt_disable":"","footnotes":""},"ht-kb-category":[283],"ht-kb-tag":[],"class_list":["post-7384","ht_kb","type-ht_kb","status-publish","format-standard","hentry","ht_kb_category-portail-dimplantation-express"],"_links":{"self":[{"href":"https:\/\/help.synerion.com\/agile\/fr\/wp-json\/wp\/v2\/ht-kb\/7384","targetHints":{"allow":["GET"]}}],"collection":[{"href":"https:\/\/help.synerion.com\/agile\/fr\/wp-json\/wp\/v2\/ht-kb"}],"about":[{"href":"https:\/\/help.synerion.com\/agile\/fr\/wp-json\/wp\/v2\/types\/ht_kb"}],"author":[{"embeddable":true,"href":"https:\/\/help.synerion.com\/agile\/fr\/wp-json\/wp\/v2\/users\/4"}],"replies":[{"embeddable":true,"href":"https:\/\/help.synerion.com\/agile\/fr\/wp-json\/wp\/v2\/comments?post=7384"}],"version-history":[{"count":1,"href":"https:\/\/help.synerion.com\/agile\/fr\/wp-json\/wp\/v2\/ht-kb\/7384\/revisions"}],"predecessor-version":[{"id":7391,"href":"https:\/\/help.synerion.com\/agile\/fr\/wp-json\/wp\/v2\/ht-kb\/7384\/revisions\/7391"}],"wp:attachment":[{"href":"https:\/\/help.synerion.com\/agile\/fr\/wp-json\/wp\/v2\/media?parent=7384"}],"wp:term":[{"taxonomy":"ht_kb_category","embeddable":true,"href":"https:\/\/help.synerion.com\/agile\/fr\/wp-json\/wp\/v2\/ht-kb-category?post=7384"},{"taxonomy":"ht_kb_tag","embeddable":true,"href":"https:\/\/help.synerion.com\/agile\/fr\/wp-json\/wp\/v2\/ht-kb-tag?post=7384"}],"curies":[{"name":"wp","href":"https:\/\/api.w.org\/{rel}","templated":true}]}}