{"id":3339,"date":"2025-04-02T17:50:23","date_gmt":"2025-04-02T17:50:23","guid":{"rendered":"\/enterprise\/fr\/?post_type=ht_kb&#038;p=3339"},"modified":"2025-04-02T17:50:27","modified_gmt":"2025-04-02T17:50:27","slug":"entretien-de-systeme-tenir-le-calendrier-des-vacances-a-jour","status":"publish","type":"ht_kb","link":"\/enterprise\/fr\/knowledge-base\/entretien-de-systeme-tenir-le-calendrier-des-vacances-a-jour\/","title":{"rendered":"Entretien de Syst\u00e8me- Tenir le calendrier des vacances a jour"},"content":{"rendered":"\n<p>\n  Chaque ann\u00e9e, vous devrez veiller \u00e0 tenir le calendrier \u00e0 jour en ajoutant les jours f\u00e9ri\u00e9s et autres jours de cong\u00e9 pertinents dans votre calendrier afin que le syst\u00e8me calcule les heures \u00e0 payer aux employ\u00e9s en cons\u00e9quence.\n<\/p>\n\n\n\n<ol class=\"wp-block-list\">\n<li>Connectez-vous \u00e0 l&rsquo;entreprise Synerion.<br><\/li>\n\n\n\n<li>Cliquez sur l\u2019onglet Administration.<br><\/li>\n<\/ol>\n\n\n\n<figure class=\"wp-block-image\"><img loading=\"lazy\" decoding=\"async\" width=\"1103\" height=\"51\" src=\"\/enterprise\/wp-content\/uploads\/sites\/3\/2025\/04\/word-image-3339-1.png\" alt=\"\" class=\"wp-image-3340\" srcset=\"\/enterprise\/wp-content\/uploads\/sites\/3\/2025\/04\/word-image-3339-1.png 1103w, \/enterprise\/wp-content\/uploads\/sites\/3\/2025\/04\/word-image-3339-1-300x14.png 300w, \/enterprise\/wp-content\/uploads\/sites\/3\/2025\/04\/word-image-3339-1-1024x47.png 1024w, \/enterprise\/wp-content\/uploads\/sites\/3\/2025\/04\/word-image-3339-1-768x36.png 768w, \/enterprise\/wp-content\/uploads\/sites\/3\/2025\/04\/word-image-3339-1-50x2.png 50w, \/enterprise\/wp-content\/uploads\/sites\/3\/2025\/04\/word-image-3339-1-60x3.png 60w, \/enterprise\/wp-content\/uploads\/sites\/3\/2025\/04\/word-image-3339-1-100x5.png 100w\" sizes=\"auto, (max-width: 1103px) 100vw, 1103px\" \/><\/figure>\n\n\n\n<p><\/p>\n\n\n\n<p>3. Commencez \u00e0 taper Calendrier dans la fen\u00eatre de recherche puis cliquez sur Tableau C &#8211; D\u00e9finitions du calendrier lorsqu&rsquo;il appara\u00eet ci-dessous.<br><\/p>\n\n\n\n<ol class=\"wp-block-list\"><\/ol>\n\n\n\n<figure class=\"wp-block-image\"><img loading=\"lazy\" decoding=\"async\" width=\"1053\" height=\"229\" src=\"\/enterprise\/wp-content\/uploads\/sites\/3\/2025\/04\/word-image-3339-2.png\" alt=\"\" class=\"wp-image-3342\" srcset=\"\/enterprise\/wp-content\/uploads\/sites\/3\/2025\/04\/word-image-3339-2.png 1053w, \/enterprise\/wp-content\/uploads\/sites\/3\/2025\/04\/word-image-3339-2-300x65.png 300w, \/enterprise\/wp-content\/uploads\/sites\/3\/2025\/04\/word-image-3339-2-1024x223.png 1024w, \/enterprise\/wp-content\/uploads\/sites\/3\/2025\/04\/word-image-3339-2-768x167.png 768w, \/enterprise\/wp-content\/uploads\/sites\/3\/2025\/04\/word-image-3339-2-50x11.png 50w, \/enterprise\/wp-content\/uploads\/sites\/3\/2025\/04\/word-image-3339-2-60x13.png 60w, \/enterprise\/wp-content\/uploads\/sites\/3\/2025\/04\/word-image-3339-2-100x22.png 100w\" sizes=\"auto, (max-width: 1053px) 100vw, 1053px\" \/><\/figure>\n\n\n\n<p><\/p>\n\n\n\n<p>4. Vous pouvez cliquer sur la loupe pour faire appara\u00eetre la liste des calendriers disponibles ou vous pouvez commencer \u00e0 taper le nom du calendrier que vous souhaitez dans la barre de recherche puis s\u00e9lectionner celui que vous souhaitez lorsqu&rsquo;il appara\u00eet.<br><\/p>\n\n\n\n<ol class=\"wp-block-list\"><\/ol>\n\n\n\n<figure class=\"wp-block-image\"><img loading=\"lazy\" decoding=\"async\" width=\"464\" height=\"237\" src=\"\/enterprise\/wp-content\/uploads\/sites\/3\/2025\/04\/word-image-3339-3.png\" alt=\"\" class=\"wp-image-3344\" srcset=\"\/enterprise\/wp-content\/uploads\/sites\/3\/2025\/04\/word-image-3339-3.png 464w, \/enterprise\/wp-content\/uploads\/sites\/3\/2025\/04\/word-image-3339-3-300x153.png 300w, \/enterprise\/wp-content\/uploads\/sites\/3\/2025\/04\/word-image-3339-3-50x26.png 50w, \/enterprise\/wp-content\/uploads\/sites\/3\/2025\/04\/word-image-3339-3-60x31.png 60w, \/enterprise\/wp-content\/uploads\/sites\/3\/2025\/04\/word-image-3339-3-100x51.png 100w\" sizes=\"auto, (max-width: 464px) 100vw, 464px\" \/><\/figure>\n\n\n\n<p><\/p>\n\n\n\n<p>5. Cliquez sur Ajouter une ann\u00e9e.<br><\/p>\n\n\n\n<ol class=\"wp-block-list\"><\/ol>\n\n\n\n<figure class=\"wp-block-image\"><img loading=\"lazy\" decoding=\"async\" width=\"1216\" height=\"386\" src=\"\/enterprise\/wp-content\/uploads\/sites\/3\/2025\/04\/word-image-3339-4.png\" alt=\"\" class=\"wp-image-3346\" srcset=\"\/enterprise\/wp-content\/uploads\/sites\/3\/2025\/04\/word-image-3339-4.png 1216w, \/enterprise\/wp-content\/uploads\/sites\/3\/2025\/04\/word-image-3339-4-300x95.png 300w, \/enterprise\/wp-content\/uploads\/sites\/3\/2025\/04\/word-image-3339-4-1024x325.png 1024w, \/enterprise\/wp-content\/uploads\/sites\/3\/2025\/04\/word-image-3339-4-768x244.png 768w, \/enterprise\/wp-content\/uploads\/sites\/3\/2025\/04\/word-image-3339-4-50x16.png 50w, \/enterprise\/wp-content\/uploads\/sites\/3\/2025\/04\/word-image-3339-4-60x19.png 60w, \/enterprise\/wp-content\/uploads\/sites\/3\/2025\/04\/word-image-3339-4-100x32.png 100w\" sizes=\"auto, (max-width: 1216px) 100vw, 1216px\" \/><\/figure>\n\n\n\n<p><\/p>\n\n\n\n<p>6. S\u00e9lectionnez la nouvelle ann\u00e9e que vous souhaitez cr\u00e9er.<br><\/p>\n\n\n\n<ol class=\"wp-block-list\"><\/ol>\n\n\n\n<figure class=\"wp-block-image\"><img loading=\"lazy\" decoding=\"async\" width=\"1353\" height=\"302\" src=\"\/enterprise\/wp-content\/uploads\/sites\/3\/2025\/04\/word-image-3339-5.png\" alt=\"\" class=\"wp-image-3348\" srcset=\"\/enterprise\/wp-content\/uploads\/sites\/3\/2025\/04\/word-image-3339-5.png 1353w, \/enterprise\/wp-content\/uploads\/sites\/3\/2025\/04\/word-image-3339-5-300x67.png 300w, \/enterprise\/wp-content\/uploads\/sites\/3\/2025\/04\/word-image-3339-5-1024x229.png 1024w, \/enterprise\/wp-content\/uploads\/sites\/3\/2025\/04\/word-image-3339-5-768x171.png 768w, \/enterprise\/wp-content\/uploads\/sites\/3\/2025\/04\/word-image-3339-5-50x11.png 50w, \/enterprise\/wp-content\/uploads\/sites\/3\/2025\/04\/word-image-3339-5-60x13.png 60w, \/enterprise\/wp-content\/uploads\/sites\/3\/2025\/04\/word-image-3339-5-100x22.png 100w\" sizes=\"auto, (max-width: 1353px) 100vw, 1353px\" \/><\/figure>\n\n\n\n<p><\/p>\n\n\n\n<p>7. La nouvelle ann\u00e9e est affich\u00e9e et vous devez maintenant ajouter les jours f\u00e9ri\u00e9s.<br><\/p>\n\n\n\n<ol class=\"wp-block-list\"><\/ol>\n\n\n\n<figure class=\"wp-block-image\"><img loading=\"lazy\" decoding=\"async\" width=\"1150\" height=\"392\" src=\"\/enterprise\/wp-content\/uploads\/sites\/3\/2025\/04\/word-image-3339-6.png\" alt=\"\" class=\"wp-image-3350\" srcset=\"\/enterprise\/wp-content\/uploads\/sites\/3\/2025\/04\/word-image-3339-6.png 1150w, \/enterprise\/wp-content\/uploads\/sites\/3\/2025\/04\/word-image-3339-6-300x102.png 300w, \/enterprise\/wp-content\/uploads\/sites\/3\/2025\/04\/word-image-3339-6-1024x349.png 1024w, \/enterprise\/wp-content\/uploads\/sites\/3\/2025\/04\/word-image-3339-6-768x262.png 768w, \/enterprise\/wp-content\/uploads\/sites\/3\/2025\/04\/word-image-3339-6-50x17.png 50w, \/enterprise\/wp-content\/uploads\/sites\/3\/2025\/04\/word-image-3339-6-60x20.png 60w, \/enterprise\/wp-content\/uploads\/sites\/3\/2025\/04\/word-image-3339-6-100x34.png 100w\" sizes=\"auto, (max-width: 1150px) 100vw, 1150px\" \/><\/figure>\n\n\n\n<p><\/p>\n\n\n\n<p>8. Pour ajouter un jour f\u00e9ri\u00e9, cliquez sur la date que vous souhaitez d\u00e9signer comme jour f\u00e9ri\u00e9 et une nouvelle fen\u00eatre appara\u00eetra. Dans cette fen\u00eatre, vous devez s\u00e9lectionner le type de jour, le type d&rsquo;activit\u00e9 et cliquer sur OK lorsque vous avez termin\u00e9.<br><\/p>\n\n\n\n<ol class=\"wp-block-list\"><\/ol>\n\n\n\n<figure class=\"wp-block-image\"><img loading=\"lazy\" decoding=\"async\" width=\"624\" height=\"223\" src=\"\/enterprise\/wp-content\/uploads\/sites\/3\/2025\/04\/word-image-3339-7.png\" alt=\"\" class=\"wp-image-3352\" srcset=\"\/enterprise\/wp-content\/uploads\/sites\/3\/2025\/04\/word-image-3339-7.png 624w, \/enterprise\/wp-content\/uploads\/sites\/3\/2025\/04\/word-image-3339-7-300x107.png 300w, \/enterprise\/wp-content\/uploads\/sites\/3\/2025\/04\/word-image-3339-7-50x18.png 50w, \/enterprise\/wp-content\/uploads\/sites\/3\/2025\/04\/word-image-3339-7-60x21.png 60w, \/enterprise\/wp-content\/uploads\/sites\/3\/2025\/04\/word-image-3339-7-100x36.png 100w\" sizes=\"auto, (max-width: 624px) 100vw, 624px\" \/><\/figure>\n\n\n\n<p><\/p>\n\n\n\n<p><strong>Note : <\/strong>Assurez-vous que vous utilisez le bon type de jour pour les contrats qui utiliseront ce calendrier sp\u00e9cifique.\n<\/p>\n\n\n\n<p>9. R\u00e9p\u00e9tez l&rsquo;\u00e9tape 8 jusqu&rsquo;\u00e0 ce que vous ayez ajout\u00e9 tous les jours f\u00e9ri\u00e9s de l&rsquo;ann\u00e9e, puis cliquez sur Enregistrer.<br><\/p>\n\n\n\n<ol class=\"wp-block-list\"><\/ol>\n\n\n\n<figure class=\"wp-block-image\"><img loading=\"lazy\" decoding=\"async\" width=\"1155\" height=\"384\" src=\"\/enterprise\/wp-content\/uploads\/sites\/3\/2025\/04\/word-image-3339-8.png\" alt=\"\" class=\"wp-image-3354\" srcset=\"\/enterprise\/wp-content\/uploads\/sites\/3\/2025\/04\/word-image-3339-8.png 1155w, \/enterprise\/wp-content\/uploads\/sites\/3\/2025\/04\/word-image-3339-8-300x100.png 300w, \/enterprise\/wp-content\/uploads\/sites\/3\/2025\/04\/word-image-3339-8-1024x340.png 1024w, \/enterprise\/wp-content\/uploads\/sites\/3\/2025\/04\/word-image-3339-8-768x255.png 768w, \/enterprise\/wp-content\/uploads\/sites\/3\/2025\/04\/word-image-3339-8-50x17.png 50w, \/enterprise\/wp-content\/uploads\/sites\/3\/2025\/04\/word-image-3339-8-60x20.png 60w, \/enterprise\/wp-content\/uploads\/sites\/3\/2025\/04\/word-image-3339-8-100x33.png 100w\" sizes=\"auto, (max-width: 1155px) 100vw, 1155px\" \/><\/figure>\n\n\n\n<p><\/p>\n\n\n\n<h2 class=\"wp-block-heading\"><a id=\"post-3339-EndOfDoc\"><\/a><\/h2>\n","protected":false},"excerpt":{"rendered":"<p>Chaque ann\u00e9e, vous devrez veiller \u00e0 tenir le calendrier \u00e0 jour en ajoutant les jours f\u00e9ri\u00e9s et autres jours de cong\u00e9 pertinents dans votre calendrier afin que le syst\u00e8me calcule les heures \u00e0 payer aux employ\u00e9s en cons\u00e9quence. 3. Commencez \u00e0 taper Calendrier dans la fen\u00eatre de recherche puis cliquez&#8230;<\/p>\n","protected":false},"author":4,"comment_status":"closed","ping_status":"closed","template":"","format":"standard","meta":{"_lmt_disableupdate":"","_lmt_disable":"","footnotes":""},"ht-kb-category":[72],"ht-kb-tag":[73,57],"class_list":["post-3339","ht_kb","type-ht_kb","status-publish","format-standard","hentry","ht_kb_category-entretien-de-systeme","ht_kb_tag-admin","ht_kb_tag-enterprise-2"],"_links":{"self":[{"href":"https:\/\/help.synerion.com\/enterprise\/fr\/wp-json\/wp\/v2\/ht-kb\/3339","targetHints":{"allow":["GET"]}}],"collection":[{"href":"https:\/\/help.synerion.com\/enterprise\/fr\/wp-json\/wp\/v2\/ht-kb"}],"about":[{"href":"https:\/\/help.synerion.com\/enterprise\/fr\/wp-json\/wp\/v2\/types\/ht_kb"}],"author":[{"embeddable":true,"href":"https:\/\/help.synerion.com\/enterprise\/fr\/wp-json\/wp\/v2\/users\/4"}],"replies":[{"embeddable":true,"href":"https:\/\/help.synerion.com\/enterprise\/fr\/wp-json\/wp\/v2\/comments?post=3339"}],"version-history":[{"count":1,"href":"https:\/\/help.synerion.com\/enterprise\/fr\/wp-json\/wp\/v2\/ht-kb\/3339\/revisions"}],"predecessor-version":[{"id":3356,"href":"https:\/\/help.synerion.com\/enterprise\/fr\/wp-json\/wp\/v2\/ht-kb\/3339\/revisions\/3356"}],"wp:attachment":[{"href":"https:\/\/help.synerion.com\/enterprise\/fr\/wp-json\/wp\/v2\/media?parent=3339"}],"wp:term":[{"taxonomy":"ht_kb_category","embeddable":true,"href":"https:\/\/help.synerion.com\/enterprise\/fr\/wp-json\/wp\/v2\/ht-kb-category?post=3339"},{"taxonomy":"ht_kb_tag","embeddable":true,"href":"https:\/\/help.synerion.com\/enterprise\/fr\/wp-json\/wp\/v2\/ht-kb-tag?post=3339"}],"curies":[{"name":"wp","href":"https:\/\/api.w.org\/{rel}","templated":true}]}}