{"id":4370,"date":"2026-03-09T15:02:38","date_gmt":"2026-03-09T15:02:38","guid":{"rendered":"\/enterprise\/?post_type=ht_kb&#038;p=4370"},"modified":"2026-03-09T15:02:44","modified_gmt":"2026-03-09T15:02:44","slug":"version-fevrier-2026-fonctionnalites-principales","status":"publish","type":"ht_kb","link":"\/enterprise\/fr\/knowledge-base\/version-fevrier-2026-fonctionnalites-principales\/","title":{"rendered":"Version f\u00e9vrier 2026 \u2013 Fonctionnalit\u00e9s principales"},"content":{"rendered":"\n<p class=\"has-medium-font-size\"><strong><u>Taux \u00e9chelonn\u00e9s<\/u><\/strong><\/p>\n\n\n\n<p><strong>Support pour groupes multiples \u2013 <\/strong>Les groupes d\u2019employ\u00e9s peuvent maintenant \u00eatre configur\u00e9s avec diff\u00e9rentes m\u00e9thodes de calcul de taux \u00e9chelonn\u00e9 en utilisant les fichiers de param\u00e8tres pour chaque groupe.<\/p>\n\n\n\n<p><strong>Mois\/ann\u00e9es de service \u2013 <\/strong>Les calculs de taux \u00e9chelonn\u00e9 peuvent maintenant \u00eatre effectu\u00e9s sur la base des mois de service (par exemple 1 \u00e0 12 mois, 12 \u00e0 36 mois) ou des ann\u00e9es de service (par exemple 0 \u00e0 1.5 ans, 1.5 \u00e0 3 ans).<\/p>\n\n\n\n<p><strong>Support pour centre de co\u00fbts et pour machine \u2013 <\/strong>Les taux \u00e9chelonn\u00e9s peuvent maintenant \u00eatre calcul\u00e9s sur la base de la sous-entit\u00e9 TC Niveau 4 en utilisant le centre de co\u00fbts ou la machine.<\/p>\n\n\n\n<p><strong>Importation de la valeur initiale \u2013 <\/strong>La valeur initiale du taux \u00e9chelonn\u00e9 peut maintenant \u00eatre import\u00e9e via l\u2019API et l\u2019adaptateur ma\u00eetre.<\/p>\n\n\n\n<p class=\"has-medium-font-size\"><strong><u>APIs<\/u><\/strong><\/p>\n\n\n\n<p><strong>Nouveaux APIs <\/strong>\u2013 Plusieurs nouveaux APIs ont \u00e9t\u00e9 ajout\u00e9s tels que\u00a0:<\/p>\n\n\n\n<ul class=\"wp-block-list\">\n<li>POST Importation des t\u00e2ches d\u2019employ\u00e9 par d\u00e9faut<\/li>\n\n\n\n<li>GET Statut de demande d\u2019absence<\/li>\n\n\n\n<li>GET Profession<\/li>\n\n\n\n<li>GET Langue de syst\u00e8me primaire et secondaires<\/li>\n\n\n\n<li>POST Importation de valeur initiale du taux \u00e9chelonn\u00e9<\/li>\n<\/ul>\n\n\n\n<p><strong>APIs enrichis \u2013 <\/strong>Il y a aussi plusieurs enrichissements aux APIs existants\u00a0:<\/p>\n\n\n\n<ul class=\"wp-block-list\">\n<li>POST Employ\u00e9 \u2013 ajout de champs d\u2019adresse<\/li>\n\n\n\n<li>POST Employ\u00e9 \u2013 auto-insertion des recherches manquantes pour le champ de profession<\/li>\n\n\n\n<li>GET Niveaux TC \u2013 Ajout de filtres pour niveau et actif seulement<\/li>\n\n\n\n<li>POST Poin\u00e7ons \u2013 Ajout des coordonn\u00e9es de latitude et de longitude<\/li>\n<\/ul>\n\n\n\n<p class=\"has-medium-font-size\"><strong><u>Relev\u00e9s<\/u><\/strong><\/p>\n\n\n\n<p><strong>S\u00e9curit\u00e9 pour affichages RGV <\/strong>\u2013 Les relev\u00e9s bas\u00e9s sur l\u2019affichage RGV supportent maintenant la s\u00e9curit\u00e9 de l\u2019organisation et celle bas\u00e9e sur TC.<\/p>\n\n\n\n<p><strong>Enrichissements du g\u00e9n\u00e9rateur de relev\u00e9s<\/strong> \u2013 Plusieurs enrichissements ont \u00e9t\u00e9 effectu\u00e9s tels que support de fichier Ascii, z\u00e9ros pr\u00e9c\u00e9dents, alignement vers la droite, cha\u00eene de caract\u00e8res renvers\u00e9e et r\u00e9exportation de nouveaux employ\u00e9s. De plus, un filtre pour cat\u00e9gorie d\u2019exportation CSV a \u00e9t\u00e9 ajout\u00e9 pour les relev\u00e9s TCDAY, quotidien, TCPER et p\u00e9riode. De m\u00eame, les exportations CSV utilisant un s\u00e9parateur de colonne de type point- virgule n\u2019enl\u00e8vent plus les virgules dans les champs.<\/p>\n\n\n\n<p><strong>Autres relev\u00e9s<\/strong> \u2013 Un nouveau relev\u00e9 Horaire- Offre\/\u00e9change de quart a \u00e9t\u00e9 ajout\u00e9 et des champs additionnels ont \u00e9t\u00e9 ajout\u00e9s au relev\u00e9 de Solde pr\u00e9vu combin\u00e9.<\/p>\n","protected":false},"excerpt":{"rendered":"<p>Taux \u00e9chelonn\u00e9s Support pour groupes multiples \u2013 Les groupes d\u2019employ\u00e9s peuvent maintenant \u00eatre configur\u00e9s avec diff\u00e9rentes m\u00e9thodes de calcul de taux \u00e9chelonn\u00e9 en utilisant les fichiers de param\u00e8tres pour chaque groupe. Mois\/ann\u00e9es de service \u2013 Les calculs de taux \u00e9chelonn\u00e9 peuvent maintenant \u00eatre effectu\u00e9s sur la base des mois de&#8230;<\/p>\n","protected":false},"author":5,"comment_status":"closed","ping_status":"closed","template":"","format":"standard","meta":{"_lmt_disableupdate":"","_lmt_disable":"","footnotes":""},"ht-kb-category":[58],"ht-kb-tag":[],"class_list":["post-4370","ht_kb","type-ht_kb","status-publish","format-standard","hentry","ht_kb_category-notes-de-mise-a-jour"],"_links":{"self":[{"href":"https:\/\/help.synerion.com\/enterprise\/fr\/wp-json\/wp\/v2\/ht-kb\/4370","targetHints":{"allow":["GET"]}}],"collection":[{"href":"https:\/\/help.synerion.com\/enterprise\/fr\/wp-json\/wp\/v2\/ht-kb"}],"about":[{"href":"https:\/\/help.synerion.com\/enterprise\/fr\/wp-json\/wp\/v2\/types\/ht_kb"}],"author":[{"embeddable":true,"href":"https:\/\/help.synerion.com\/enterprise\/fr\/wp-json\/wp\/v2\/users\/5"}],"replies":[{"embeddable":true,"href":"https:\/\/help.synerion.com\/enterprise\/fr\/wp-json\/wp\/v2\/comments?post=4370"}],"version-history":[{"count":1,"href":"https:\/\/help.synerion.com\/enterprise\/fr\/wp-json\/wp\/v2\/ht-kb\/4370\/revisions"}],"predecessor-version":[{"id":4371,"href":"https:\/\/help.synerion.com\/enterprise\/fr\/wp-json\/wp\/v2\/ht-kb\/4370\/revisions\/4371"}],"wp:attachment":[{"href":"https:\/\/help.synerion.com\/enterprise\/fr\/wp-json\/wp\/v2\/media?parent=4370"}],"wp:term":[{"taxonomy":"ht_kb_category","embeddable":true,"href":"https:\/\/help.synerion.com\/enterprise\/fr\/wp-json\/wp\/v2\/ht-kb-category?post=4370"},{"taxonomy":"ht_kb_tag","embeddable":true,"href":"https:\/\/help.synerion.com\/enterprise\/fr\/wp-json\/wp\/v2\/ht-kb-tag?post=4370"}],"curies":[{"name":"wp","href":"https:\/\/api.w.org\/{rel}","templated":true}]}}